{"id":2991,"date":"2024-07-26T14:53:32","date_gmt":"2024-07-26T12:53:32","guid":{"rendered":"https:\/\/wonderhome.eu\/?page_id=2991"},"modified":"2025-10-21T11:14:47","modified_gmt":"2025-10-21T09:14:47","slug":"przewodnik-po-karpaczu","status":"publish","type":"page","link":"https:\/\/wonderhome.eu\/cz\/przewodnik-po-karpaczu","title":{"rendered":"Pr\u016fvodce po Karpaczi"},"content":{"rendered":"<h1 class=\"wp-block-heading has-text-align-center has-x-large-font-size\" id=\"g\u00f3ra\">Karpacz v kostce - \u0161ikovn\u00fd pr\u016fvodce<\/h1>\n\n\n\n<div style=\"height:33px\" aria-hidden=\"true\" class=\"wp-block-spacer\"><\/div>\n\n\n<div class=\"wp-block-image\">\n<figure class=\"aligncenter size-full is-resized\"><img loading=\"lazy\" decoding=\"async\" width=\"500\" height=\"71\" src=\"https:\/\/wonderhome.eu\/wp-content\/uploads\/2022\/09\/logo-grey.png\" alt=\"Logo firmy Wonder Home\" class=\"wp-image-645\" style=\"width:312px;height:auto\" srcset=\"https:\/\/wonderhome.eu\/wp-content\/uploads\/2022\/09\/logo-grey.png 500w, https:\/\/wonderhome.eu\/wp-content\/uploads\/2022\/09\/logo-grey-300x43.png 300w\" sizes=\"auto, (max-width: 500px) 100vw, 500px\" \/><\/figure>\n<\/div>\n\n\n<div style=\"height:66px\" aria-hidden=\"true\" class=\"wp-block-spacer\"><\/div>\n\n\n<div class=\"wp-block-image\">\n<figure class=\"aligncenter size-full is-resized\"><img loading=\"lazy\" decoding=\"async\" width=\"2050\" height=\"780\" src=\"https:\/\/wonderhome.eu\/wp-content\/uploads\/2024\/07\/Kwiat-Zdjecie-Cytat-Wiosna-Facebook-Zdjecie-w-Tle-16.jpg\" alt=\"\" class=\"wp-image-3093\" style=\"width:814px;height:auto\" srcset=\"https:\/\/wonderhome.eu\/wp-content\/uploads\/2024\/07\/Kwiat-Zdjecie-Cytat-Wiosna-Facebook-Zdjecie-w-Tle-16.jpg 2050w, https:\/\/wonderhome.eu\/wp-content\/uploads\/2024\/07\/Kwiat-Zdjecie-Cytat-Wiosna-Facebook-Zdjecie-w-Tle-16-300x114.jpg 300w, https:\/\/wonderhome.eu\/wp-content\/uploads\/2024\/07\/Kwiat-Zdjecie-Cytat-Wiosna-Facebook-Zdjecie-w-Tle-16-1024x390.jpg 1024w, https:\/\/wonderhome.eu\/wp-content\/uploads\/2024\/07\/Kwiat-Zdjecie-Cytat-Wiosna-Facebook-Zdjecie-w-Tle-16-768x292.jpg 768w, https:\/\/wonderhome.eu\/wp-content\/uploads\/2024\/07\/Kwiat-Zdjecie-Cytat-Wiosna-Facebook-Zdjecie-w-Tle-16-1536x584.jpg 1536w, https:\/\/wonderhome.eu\/wp-content\/uploads\/2024\/07\/Kwiat-Zdjecie-Cytat-Wiosna-Facebook-Zdjecie-w-Tle-16-2048x779.jpg 2048w, https:\/\/wonderhome.eu\/wp-content\/uploads\/2024\/07\/Kwiat-Zdjecie-Cytat-Wiosna-Facebook-Zdjecie-w-Tle-16-18x7.jpg 18w\" sizes=\"auto, (max-width: 2050px) 100vw, 2050px\" \/><\/figure>\n<\/div>\n\n\n<div style=\"height:66px\" aria-hidden=\"true\" class=\"wp-block-spacer\"><\/div>\n\n\n\n<div class=\"wp-block-columns is-layout-flex wp-container-core-columns-is-layout-9d6595d7 wp-block-columns-is-layout-flex\">\n<div class=\"wp-block-column is-layout-flow wp-block-column-is-layout-flow\" style=\"flex-basis:25%\"><\/div>\n\n\n\n<div class=\"wp-block-column is-layout-flow wp-block-column-is-layout-flow\" style=\"flex-basis:50%\"><\/div>\n\n\n\n<div class=\"wp-block-column is-layout-flow wp-block-column-is-layout-flow\" style=\"flex-basis:25%\"><\/div>\n<\/div>\n\n\n\n<div data-wp-interactive=\"core\/file\" class=\"wp-block-file\"><object data-wp-bind--hidden=\"!state.hasPdfPreview\" hidden class=\"wp-block-file__embed\" data=\"https:\/\/wonderhome.eu\/wp-content\/uploads\/2024\/07\/Pigulka-Karpacz.pdf\" type=\"application\/pdf\" style=\"width:100%;height:450px\" aria-label=\"Vlo\u017eit s Pillem Karpaczem.\"><\/object><a id=\"wp-block-file--media-c05b6214-2a5a-4062-b2b2-2d09f44d5d94\" href=\"https:\/\/wonderhome.eu\/wp-content\/uploads\/2024\/07\/Pigulka-Karpacz.pdf\">Pilulka Karpacz<\/a><a href=\"https:\/\/wonderhome.eu\/wp-content\/uploads\/2024\/07\/Pigulka-Karpacz.pdf\" class=\"wp-block-file__button wp-element-button\" download aria-describedby=\"wp-block-file--media-c05b6214-2a5a-4062-b2b2-2d09f44d5d94\">Sta\u017een\u00ed<\/a><\/div>\n\n\n\n<hr class=\"wp-block-separator has-alpha-channel-opacity\"\/>\n\n\n\n<div style=\"height:18px\" aria-hidden=\"true\" class=\"wp-block-spacer\"><\/div>\n\n\n\n<p class=\"has-text-align-center\"><\/p>\n\n\n\n<div style=\"height:18px\" aria-hidden=\"true\" class=\"wp-block-spacer\"><\/div>\n\n\n\n<p><\/p>\n\n\n\n<div class=\"wp-block-columns is-layout-flex wp-container-core-columns-is-layout-9d6595d7 wp-block-columns-is-layout-flex\">\n<div class=\"wp-block-column is-layout-flow wp-block-column-is-layout-flow\" style=\"flex-basis:15%\"><\/div>\n\n\n\n<div class=\"wp-block-column is-layout-flow wp-block-column-is-layout-flow\" style=\"flex-basis:15%\"><\/div>\n\n\n\n<div class=\"wp-block-column is-layout-flow wp-block-column-is-layout-flow\" style=\"flex-basis:80%\">\n<h4 class=\"wp-block-heading\">Obsah:<\/h4>\n\n\n\n<ul class=\"wp-block-list\">\n<li><a href=\"#zwiedzanie\">Prozkoumat<\/a><\/li>\n\n\n\n<li><a href=\"#Aktywno\u015bci\">Venkovn\u00ed aktivity<\/a><\/li>\n\n\n\n<li><a href=\"#Dzieci\">Pro d\u011bti<\/a><\/li>\n\n\n\n<li><a href=\"#Gastronomia\">Gastronomie<\/a><\/li>\n\n\n\n<li><a href=\"#Sklepy\">Obchody a \u010derpac\u00ed stanice<\/a><\/li>\n\n\n\n<li><a href=\"#Parkingi\">Placen\u00e9 m\u011bstsk\u00e9 parkovi\u0161t\u011b<\/a><\/li>\n\n\n\n<li><a href=\"#Apteki\">L\u00e9k\u00e1rny<\/a><\/li>\n\n\n\n<li><a href=\"#Kontakty\">U\u017eite\u010dn\u00e9 kontakty<\/a><\/li>\n\n\n\n<li><a href=\"#Bankomaty\">bankomaty<\/a><\/li>\n\n\n\n<li><a href=\"#Aplikacja\">Aplikace &quot;Bezpe\u010dn\u011b na hor\u00e1ch&quot;.<\/a><\/li>\n<\/ul>\n\n\n\n<div style=\"height:33px\" aria-hidden=\"true\" class=\"wp-block-spacer\"><\/div>\n\n\n\n<hr class=\"wp-block-separator has-alpha-channel-opacity\"\/>\n\n\n\n<div style=\"height:33px\" aria-hidden=\"true\" class=\"wp-block-spacer\"><\/div>\n\n\n\n<h2 class=\"wp-block-heading\" id=\"zwiedzanie\">Prozkoumat<\/h2>\n\n\n\n<p class=\"has-medium-font-size\"><strong>Kostel Wang<\/strong> \ud83d\udc09<\/p>\n\n\n\n<p>Horsk\u00fd kostel na\u0161eho Spasitele je cennou pam\u00e1tkou vikingsk\u00e9 architektury, kter\u00e1 byla postavena na p\u0159elomu 12. a 13. stolet\u00ed v Norsku. Za\u0159\u00edzen\u00ed nadchne svou architekturou a malebnou polohou na pozad\u00ed Krkono\u0161. <a href=\"https:\/\/maps.app.goo.gl\/BYA87ScmemV1X4Jy9\" target=\"_blank\" rel=\"noreferrer noopener\">Odkaz na Google Maps<\/a>.<\/p>\n\n\n\n<p><strong>Ceny vstupn\u00e9ho: <\/strong>Norm\u00e1ln\u00ed \u2013 13,00 PLN; Sn\u00ed\u017een\u00e1 cena (d\u011bti a studenti) \u2013 7,00 PLN.<\/p>\n\n\n\n<p><strong>Otev\u00edrac\u00ed doba: L\u00e9to<\/strong>: (15\/04 \u2013 31\/10): 9 - 18; <strong>Zima: <\/strong>(1. 11. \u2013 14. 4.): 9:00\u201317:00<\/p>\n\n\n\n<p>V <strong>ned\u011ble<\/strong> a <strong>v\u011bt\u0161inu pr\u00e1zdnin -<\/strong> n\u00e1v\u0161t\u011bva kostela je mo\u017en\u00e1 po 11:30.<\/p>\n\n\n\n<p><strong>Poplatek za n\u00e1v\u0161t\u011bvu kostela Wang lze uhradit kartou VISA, MASTERCARD nebo v hotovosti na pokladn\u011b v den n\u00e1v\u0161t\u011bvy.<\/strong><\/p>\n\n\n\n<p class=\"has-medium-font-size\"><strong>\u00datulek Samotnia<\/strong> \u26f0\ufe0f<\/p>\n\n\n\n<p>\u00datulek PTTK Samotnia je jedn\u00edm z nejstar\u0161\u00edch horsk\u00fdch p\u0159\u00edst\u0159e\u0161k\u016f v Polsku. Za\u0159\u00edzen\u00ed se nach\u00e1z\u00ed v Krkono\u0161sk\u00e9m n\u00e1rodn\u00edm parku. Nab\u00edz\u00ed ubytov\u00e1n\u00ed a stravov\u00e1n\u00ed turistick\u00e9ho standardu. <strong>P\u0159\u00edstup do Samotnie z Karpacze - po \u017elut\u00e9 a modr\u00e9 zna\u010dce.<\/strong><\/p>\n\n\n\n<p><strong>Ceny ubytov\u00e1n\u00ed<\/strong>: Cena ubytov\u00e1n\u00ed v \u00fatulku je p\u0159ibli\u017en\u011b 100 PLN na osobu<\/p>\n\n\n\n<p><strong>Otev\u00edrac\u00ed doba<\/strong>: \u00datulek je otev\u0159en celoro\u010dn\u011b.<\/p>\n\n\n\n<p><a href=\"https:\/\/maps.app.goo.gl\/5FUruQpifBBCSRRh9\" target=\"_blank\" rel=\"noreferrer noopener\">Odkaz na Google Maps<\/a><\/p>\n\n\n\n<p class=\"has-medium-font-size\"><strong>Akademick\u00fd Thatch \ud83c\udfd5\ufe0f<\/strong><\/p>\n\n\n\n<p>Druh\u00e1 nejv\u011bt\u0161\u00ed \u00fatulna v polsk\u00fdch Krkono\u0161\u00edch. <strong>Nach\u00e1z\u00ed se na m\u00fdtin\u011b Z\u0142ot\u00f3wka, hned vedle hlavn\u00ed k\u0159i\u017eovatky letn\u00edch a zimn\u00edch tras a vedle lanovky a sjezdovky &quot;Z\u0142ot\u00f3wka&quot;.<\/strong> Chata nab\u00edz\u00ed pohodln\u00e9 ubytov\u00e1n\u00ed a stravov\u00e1n\u00ed a je v\u00fdbornou z\u00e1kladnou pro v\u00fdlety na Sn\u011b\u017eku a dal\u0161\u00ed vrcholy Krkono\u0161. <a href=\"https:\/\/maps.app.goo.gl\/rxDp2QTnShj5E3xe7\" target=\"_blank\" rel=\"noreferrer noopener\">Odkaz na Google Maps.<\/a><\/p>\n\n\n\n<p><strong>Ceny ubytov\u00e1n\u00ed<\/strong>: Ceny se pohybuj\u00ed od 80 PLN do 130 PLN na osobu.<\/p>\n\n\n\n<p><strong>Otev\u00edrac\u00ed doba<\/strong>: \u00datulek je otev\u0159en celoro\u010dn\u011b.<\/p>\n\n\n\n<p class=\"has-medium-font-size\"><strong>Slezsk\u00fd d\u016fm \ud83c\udfda\ufe0f<\/strong><\/p>\n\n\n\n<p>Dal\u0161\u00ed horsk\u00e1 \u00fatulna na \u00fapat\u00ed Sn\u011b\u017eky, p\u0159\u00edmo u \u010desko-polsk\u00e9 hranice. <strong>N\u00e1dhern\u00e1 poloha na k\u0159i\u017eovatce hlavn\u00edch turistick\u00fdch tras z n\u011bj d\u011bl\u00e1 ide\u00e1ln\u00ed v\u00fdchoz\u00ed bod pro turisty a ly\u017ea\u0159e.<\/strong><\/p>\n\n\n\n<p><strong>Ceny ubytov\u00e1n\u00ed<\/strong>: N\u00e1klady na ubytov\u00e1n\u00ed se pohybuj\u00ed od 50 PLN do 100 PLN na osobu.<\/p>\n\n\n\n<p><strong>Otev\u00edrac\u00ed doba<\/strong>: \u00datulek je otev\u0159en celoro\u010dn\u011b.<\/p>\n\n\n\n<p><a href=\"https:\/\/maps.app.goo.gl\/hjVMf1KTVy4eVb9N9\" target=\"_blank\" rel=\"noreferrer noopener\">Odkaz na Google Maps<\/a><\/p>\n\n\n\n<p class=\"has-medium-font-size\"><strong>Osada Budniki \ud83c\udf32<\/strong><\/p>\n\n\n\n<p>Budniki je b\u00fdval\u00e1 osada, kter\u00e1 vznikla b\u011bhem t\u0159icetilet\u00e9 v\u00e1lky. Budniki jsou zn\u00e1m\u00e9 t\u00edm, \u017ee jsou na 113 dn\u00ed v roce pono\u0159eny do st\u00ednu okoln\u00edch hor. B\u00fdval\u00ed obyvatel\u00e9 slavnostn\u011b oslavili lou\u010den\u00ed se sluncem (26. listopadu) a jeho v\u00edt\u00e1n\u00ed (15. \u00fanora). <a href=\"https:\/\/maps.app.goo.gl\/Nw2ocXWCMGWoj9xw6\" target=\"_blank\" rel=\"noreferrer noopener\">Odkaz na Google Maps<\/a>.<\/p>\n\n\n\n<p><strong>Ceny vstupn\u00e9ho<\/strong>: Voln\u00fd, uvolnit<\/p>\n\n\n\n<p class=\"has-medium-font-size\"><strong>Rockov\u00fd st\u016fl \ud83c\udf04<\/strong><\/p>\n\n\n\n<p>Vrchol, kter\u00fd je zn\u00e1m\u00fd sv\u00fdm ploch\u00fdm h\u0159ebenem a specifick\u00fdmi kameny, kter\u00e9 p\u0159ipom\u00ednaj\u00ed kamenn\u00e9 lavice. Nach\u00e1z\u00ed se v oblasti Krkono\u0161sk\u00e9ho n\u00e1rodn\u00edho parku a \u010cesk\u00e9ho Krkono\u0161sk\u00e9ho n\u00e1rodn\u00edho parku. Jedn\u00e1 se o obl\u00edbenou vyhl\u00eddku, ide\u00e1ln\u00ed pro fotografick\u00e9 nad\u0161ence a turisty, kte\u0159\u00ed cht\u011bj\u00ed obdivovat panorama hor.<\/p>\n\n\n\n<p><a href=\"https:\/\/maps.app.goo.gl\/p33s2ugXYkL21DKP7\" target=\"_blank\" rel=\"noreferrer noopener\">Odkaz na Google Maps<\/a>.<\/p>\n\n\n\n<p><strong>Skaln\u00fdm St\u00f3lem proch\u00e1zej\u00ed dv\u011b turistick\u00e9 stezky:<\/strong><\/p>\n\n\n\n<ul class=\"wp-block-list\">\n<li>Stezka z Prze\u0142\u0119cz Sowia do Prze\u0142\u0119cz Okraj - <strong>modr\u00fd<\/strong><\/li>\n\n\n\n<li>Cesta do Kowar p\u0159es Budniki - <strong>\u017elut\u00e1<\/strong>.<\/li>\n<\/ul>\n\n\n\n<p><strong>Ceny vstupn\u00e9ho<\/strong>: Voln\u00fd, uvolnit<\/p>\n\n\n\n<p class=\"has-medium-font-size\"><strong>P\u0159ehrada na \u0141omnici \ud83c\udfde\ufe0f<\/strong><\/p>\n\n\n\n<p>P\u0159ehrada je nejen kl\u00ed\u010dov\u00fdm prvkem protipovod\u0148ov\u00e9 infrastruktury v Karpaczi, ale tak\u00e9 obl\u00edbenou turistickou atrakc\u00ed. Je to skv\u011bl\u00e9 m\u00edsto pro rodinn\u00e9 proch\u00e1zky pod\u00e9l malebn\u00e9ho \u00fadol\u00ed \u0159eky. <a href=\"https:\/\/maps.app.goo.gl\/V43mQr2wreigPiD9A\" target=\"_blank\" rel=\"noreferrer noopener\">Odkaz na Google Maps<\/a>. <strong>Ceny vstupn\u00e9ho<\/strong>: Voln\u00fd, uvolnit<\/p>\n\n\n\n<p class=\"has-medium-font-size\"><strong>Sn\u011b\u017eka - Kr\u00e1lovna Krkono\u0161 \ud83c\udfd4\ufe0f<\/strong><\/p>\n\n\n\n<p>Je nejvy\u0161\u0161\u00edm vrcholem Krkono\u0161 a Sudet (1603 m n. m.). Toto m\u00edsto je zn\u00e1m\u00e9 sv\u00fdmi drsn\u00fdmi pov\u011btrnostn\u00edmi podm\u00ednkami. Nav\u00edc je Sn\u011b\u017eka v\u00edce ne\u017e 300 dn\u00ed v roce zahalena mlhou, co\u017e tomuto m\u00edstu dod\u00e1v\u00e1 na tajemnosti. <strong>Za p\u0159\u00edzniv\u00e9ho po\u010das\u00ed nab\u00edz\u00ed vrchol \u015anie\u017cka n\u00e1dhern\u00fd v\u00fdhled na d\u00e9lku a\u017e 200 km. <\/strong>V 18. stolet\u00ed se Sn\u011b\u017eka stala jedn\u00edm z nejnav\u0161t\u011bvovan\u011bj\u0161\u00edch vrchol\u016f Evropy. To tak\u00e9 zd\u016fraz\u0148uje jedine\u010dnost tohoto m\u00edsta<strong> Kaple sv. Wawrzyniec<\/strong>.<\/p>\n\n\n\n<p>Symbolem Sn\u011bhurky je <strong>Meteorologick\u00e1 observato\u0159<\/strong> - jedna ze dvou vysokohorsk\u00fdch observato\u0159\u00ed v Polsku. Jeho pozn\u00e1vac\u00edm znamen\u00edm je tzv &quot;l\u00e9taj\u00edc\u00ed tal\u00ed\u0159e&quot;. Od roku 1880 se zde prov\u00e1d\u011bj\u00ed systematick\u00e1 meteorologick\u00e1 pozorov\u00e1n\u00ed. <a href=\"https:\/\/maps.app.goo.gl\/St5DXPduCgQdPoZm6\" target=\"_blank\" rel=\"noreferrer noopener\">Odkaz na Google Maps<\/a>.<\/p>\n\n\n\n<p><strong>Ceny vstupn\u00e9ho: <\/strong>Vstup na vrchol je zdarma, ale za pou\u017eit\u00ed lanovek se plat\u00ed poplatky.<\/p>\n\n\n\n<p class=\"has-medium-font-size\"><strong>Gravita\u010dn\u00ed bod \ud83d\udccc<\/strong><\/p>\n\n\n\n<p>Neobvykl\u00fd jev lze pozorovat na \u00faseku Po\u017e\u00e1rn\u00ed ulice v Karpaczi. Zd\u00e1 se, \u017ee polo\u017eky ponechan\u00e9 v t\u00e9to oblasti se kut\u00e1lej\u00ed do kopce! <strong>V\u00fdzkum uk\u00e1zal, \u017ee v tomto m\u00edst\u011b je z\u00f3na anom\u00e1lie, kde je gravitace o 4% slab\u0161\u00ed.<\/strong> <a href=\"https:\/\/maps.app.goo.gl\/CupwCrGEHRn6vEj86\" target=\"_blank\" rel=\"noreferrer noopener\">Odkaz na Google Maps<\/a>.<\/p>\n\n\n\n<p><strong>Ceny vstupn\u00e9ho<\/strong>: Voln\u00fd, uvolnit<\/p>\n\n\n\n<p class=\"has-medium-font-size\"><strong>Skok na ly\u017e\u00edch &quot;Orlinek&quot; \u26f7\ufe0f<\/strong><\/p>\n\n\n\n<p>Skokansk\u00fd m\u016fstek dnes slou\u017e\u00ed jako vyhl\u00eddka a nab\u00edz\u00ed turist\u016fm nezapomenuteln\u00e9 v\u00fdhledy na malebn\u00e9 Krkono\u0161e. Zaj\u00edmav\u00fdm faktem je, \u017ee <strong>rekord kopce pat\u0159\u00ed Adamu Ma\u0142yszovi<\/strong>, kter\u00fd b\u011bhem mistrovstv\u00ed Polska senior\u016f ve skoc\u00edch na ly\u017e\u00edch v roce 2004 dos\u00e1hl impozantn\u00ed vzd\u00e1lenosti 94,5 metru. <a href=\"https:\/\/maps.app.goo.gl\/t3Zbh4REM9NWAZAS6\" target=\"_blank\" rel=\"noreferrer noopener\">Odkaz na Google Maps<\/a>.<\/p>\n\n\n\n<p><strong>Ceny vstupn\u00e9ho<\/strong>: Voln\u00fd, uvolnit<\/p>\n\n\n\n<p class=\"has-medium-font-size\"><strong>Havran\u00ed sk\u00e1ly - vyhl\u00eddka \ud83c\udf04<\/strong><\/p>\n\n\n\n<p>Krucze Ska\u0142y jsou impozantn\u00ed skaln\u00ed \u00fatvary vysok\u00e9 a\u017e 25 metr\u016f. Legenda \u0159\u00edk\u00e1, \u017ee ji\u017e ve st\u0159edov\u011bku zde hleda\u010di zlata hloubili tunely p\u0159i hled\u00e1n\u00ed drah\u00fdch kamen\u016f a miner\u00e1l\u016f.<strong> Dnes je obl\u00edben\u00fdm lezeck\u00fdm centrem s n\u011bkolika des\u00edtkami cest r\u016fzn\u00e9 obt\u00ed\u017enosti a skv\u011bl\u00fdm v\u00fdhledem na Krkono\u0161e<\/strong>.<a href=\"https:\/\/maps.app.goo.gl\/smm453jSnKjZxNzT9\" target=\"_blank\" rel=\"noreferrer noopener\"> <\/a><a href=\"https:\/\/maps.app.goo.gl\/smm453jSnKjZxNzT9\" target=\"_blank\" rel=\"noreferrer noopener\">Odkaz na Google Maps<\/a>.<\/p>\n\n\n\n<p><strong>Ceny vstupn\u00e9ho<\/strong>: Voln\u00fd, uvolnit<\/p>\n\n\n\n<p class=\"has-medium-font-size\"><strong>Ml\u00fdn l\u00e1sky \ud83d\udc91<\/strong><\/p>\n\n\n\n<p>Lidov\u00e1 legenda \u0159\u00edk\u00e1, \u017ee ml\u00fdn m\u011bl magickou moc - <strong>jeho kolo nejen mlelo obil\u00ed na mouku, ale lidi si tak\u00e9 zamilovali<\/strong>. D\u00edky sv\u00e9 romantick\u00e9 historii dodnes p\u0159itahuje davy turist\u016f.<a href=\"https:\/\/maps.app.goo.gl\/qhxji22RQJzwCzkk7\" target=\"_blank\" rel=\"noreferrer noopener\"> Odkaz na Google Maps<\/a>.<\/p>\n\n\n\n<p><strong>Ceny vstupn\u00e9ho<\/strong>: Voln\u00fd, uvolnit<\/p>\n\n\n\n<p class=\"has-medium-font-size\"><strong>Muzeum sportu a turistiky \ud83c\udfc6<\/strong><\/p>\n\n\n\n<p>K vid\u011bn\u00ed jsou zde unik\u00e1tn\u00ed expon\u00e1ty, jako jsou star\u00e1 sedanov\u00e1 k\u0159esla a s\u00e1n\u011b, nejstar\u0161\u00ed kusy ly\u017e\u00ed a bob\u016f a sportovn\u00ed trofeje. Je to fascinuj\u00edc\u00ed m\u00edsto pro milovn\u00edky horsk\u00fdch sport\u016f a historie regionu. <a href=\"https:\/\/maps.app.goo.gl\/wPwdwhueCVGTiSBe8\" target=\"_blank\" rel=\"noreferrer noopener\">Odkaz na Google Maps<\/a>.<\/p>\n\n\n\n<p><strong>Ceny vstupn\u00e9ho: <\/strong>B\u011b\u017en\u00e1 j\u00edzdenka - 15 PLN; Zlevn\u011bn\u00e1 vstupenka 10 PLN<\/p>\n\n\n\n<p><strong>Otev\u00edrac\u00ed doba: <\/strong>\u00fater\u00fd \u2013 ned\u011ble: 10 \u2013 17 hodin<\/p>\n\n\n\n<p><strong>V pond\u011bl\u00ed je muzeum pro n\u00e1v\u0161t\u011bvn\u00edky uzav\u0159eno<\/strong><\/p>\n\n\n\n<p class=\"has-medium-font-size\"><strong>Divok\u00fd vodop\u00e1d \ud83d\udca7<\/strong><\/p>\n\n\n\n<p>Vodop\u00e1d se nach\u00e1z\u00ed nedaleko doln\u00ed stanice lanovky na Kopu. <strong>Tato malebn\u00e1 atrakce Karpacze vznikla p\u0159ehrazen\u00edm vod \u0159eky \u0141omnice.<\/strong> Dziki Wodospad pot\u011b\u0161\u00ed sv\u00fdm kouzlem v kteroukoli ro\u010dn\u00ed dobu. <a href=\"https:\/\/maps.app.goo.gl\/YFmuVXRvUvqBKsN77\" target=\"_blank\" rel=\"noreferrer noopener\">Odkaz na Google Maps<\/a>.<\/p>\n\n\n\n<p><strong>Ceny vstupn\u00e9ho<\/strong>: Voln\u00fd, uvolnit<\/p>\n\n\n\n<p class=\"has-medium-font-size\"><strong>Informa\u010dn\u00ed centrum Krkono\u0161sk\u00e9ho n\u00e1rodn\u00edho parku\ud83d\udc3a<\/strong><\/p>\n\n\n\n<p>Zde m\u016f\u017eete nav\u0161t\u00edvit fascinuj\u00edc\u00ed geologickou a geomorfologickou expozici, nav\u0161t\u00edvit Krkono\u0161skou bylinkovou zahradu a prohl\u00e9dnout si Laboratorn\u00ed d\u016fm. <strong>St\u0159edisko se nach\u00e1z\u00ed v jednom z m\u00e1la dochovan\u00fdch dom\u016f s typickou krkono\u0161skou architekturou. <\/strong>Krom\u011b toho zde m\u016f\u017eete z\u00edskat informace o turistick\u00fdch tras\u00e1ch. <a href=\"https:\/\/maps.app.goo.gl\/gsxytqhtVo6TVM4t5\" target=\"_blank\" rel=\"noreferrer noopener\">Odkaz na Google Maps<\/a>.<\/p>\n\n\n\n<p><strong>Ceny vstupn\u00e9ho<\/strong>: Voln\u00fd, uvolnit<\/p>\n\n\n\n<p><strong>Otev\u00edrac\u00ed doba<\/strong>: pond\u011bl\u00ed a\u017e p\u00e1tek od 9:00 do 16:00.<\/p>\n\n\n\n<div style=\"height:33px\" aria-hidden=\"true\" class=\"wp-block-spacer\"><\/div>\n\n\n\n<hr class=\"wp-block-separator has-alpha-channel-opacity\"\/>\n\n\n\n<div style=\"height:33px\" aria-hidden=\"true\" class=\"wp-block-spacer\"><\/div>\n\n\n\n<p class=\"has-medium-font-size\">\ud83d\uddfa\ufe0f <strong>Chcete v\u011bd\u011bt v\u00edce? Ur\u010dit\u011b se na to pod\u00edvejte! \u27a1\ufe0f <a href=\"https:\/\/wonderhome.eu\/cz\/blog\/co-zobaczyc-w-karpaczu-2\/\">TOP 17 nejlep\u0161\u00edch atrakc\u00ed v Karpaczi!<\/a> \ud83d\uddfa\ufe0f<\/strong><\/p>\n\n\n\n<div style=\"height:33px\" aria-hidden=\"true\" class=\"wp-block-spacer\"><\/div>\n\n\n\n<hr class=\"wp-block-separator has-alpha-channel-opacity\"\/>\n\n\n\n<div style=\"height:33px\" aria-hidden=\"true\" class=\"wp-block-spacer\"><\/div>\n\n\n\n<h2 class=\"wp-block-heading\" id=\"Aktywno\u015bci\">Venkovn\u00ed aktivity \ud83c\udfd5\ufe0f<\/h2>\n\n\n\n<p class=\"has-medium-font-size\"><strong>Turistick\u00e9 stezky v Karpaczi<\/strong><\/p>\n\n\n\n<ul class=\"wp-block-list\">\n<li><strong>\u010cerven\u00e1 stezka \ud83e\udd73 <\/strong>\u2014 Slune\u010dnice -&gt; R\u00f3wnia pod \u015anie\u017ck\u0105 -&gt; Prze\u0142\u0119cz pod \u015anie\u017ck\u0105 -&gt; Kocio\u0142 \u0141omniczki -&gt; Skocznia Orlinek -&gt; PKS Bia\u0142y Jar -&gt; P\u0159ehrada na \u0141omnici -&gt; Karpatka -&gt; P\u0142\u00f3czki -&gt; Grabowiec<\/li>\n\n\n\n<li><strong>\u010cerven\u00e1 stezka<\/strong> \ud83e\udd65 \u2014 Slune\u010dnice -&gt; R\u00f3wnia pod \u015anie\u017ck\u0105 -&gt; Slezsk\u00fd d\u016fm -&gt; \u015anie\u017cka -&gt; Czarny Grzbiet -&gt; Sov\u00ed pr\u016fsmyk -&gt; Prze\u0142\u0119cz Okraj<\/li>\n<\/ul>\n\n\n\n<ul class=\"wp-block-list\">\n<li><strong>Modr\u00e1 stezka \ud83e\udd81 <\/strong>\u2014 PKS Bia\u0142y Jar -&gt; Chr\u00e1m Wang -&gt; Polana -&gt; Kocio\u0142 Ma\u0142ego Stawu -&gt; \u00datulek Samotnia -&gt; \u00datulek Strzecha Akademicka -&gt; Jubilejn\u00ed cesta -&gt; Czarny Grzbiet - Sowia Prze\u0142\u0119cz -&gt; Skalny St\u00f3\u0142 -&gt; Pr\u016fsmyk Okraj<\/li>\n<\/ul>\n\n\n\n<ul class=\"wp-block-list\">\n<li><strong>Zelen\u00e1 stezka<\/strong> \ud83d\udfe9 \u2014 Budniki -&gt; Wilcza Por\u0119ba -&gt; Informa\u010dn\u00ed centrum KPN -&gt; PKS Bia\u0142y Jar -&gt; Dziki Wodospad -&gt; \u00dadol\u00ed Pl\u0105sawy -&gt; Polana -&gt; S\u0142onecznik<\/li>\n\n\n\n<li><strong>Zelen\u00e1 stezka<\/strong> \ud83d\udfe9 \u2014 Osiedle Skalne -&gt; Krucze Ska\u0142y -&gt; Muzeum sportu a turistiky -&gt; Karpacz PKP (Muzeum hra\u010dek) -&gt; P\u00f3\u0142czki -&gt; Chr\u00e1m Wang -&gt; Karpacz G\u00f3rny -&gt; Borowice<\/li>\n<\/ul>\n\n\n\n<ul class=\"wp-block-list\">\n<li><strong>\u017dlut\u00e1 stezka<\/strong> \ud83d\udc68 \u2014 PKS Bia\u0142y Jar -&gt; Dziki Wodospad -&gt; b\u00fdval\u00e1 s\u00e1\u0148ka\u0159sk\u00e1 dr\u00e1ha -&gt; p\u0159\u00edst\u0159e\u0161ek Strzecha Akademicka -&gt; Bia\u0142y Jar<\/li>\n\n\n\n<li><strong>\u017dlut\u00e1 stezka<\/strong> \ud83d\udc68 \u2014 Slune\u010dnice -&gt; Poutn\u00edci -&gt; Glade -&gt; R\u00f3wienka -&gt; \u00dadol\u00ed Jod\u0142\u00f3wky -&gt; Borowice<\/li>\n\n\n\n<li><strong>\u017dlut\u00e1 stezka<\/strong> \ud83e\ude00 \u2014 Chr\u00e1m Wang -&gt; Karpacz G\u00f3rny -&gt; Prze\u0142\u0119cz pod Czo\u0142em -&gt; Kaple sv. Anna<\/li>\n<\/ul>\n\n\n\n<ul class=\"wp-block-list\">\n<li><strong>\u010cern\u00e1 stopa<\/strong> \u2b1b \u2014 PKS Bia\u0142y Jar -&gt; Skokansk\u00fd m\u016fstek Orlinek -&gt; doln\u00ed stanice vleku na Kopu -&gt; Bia\u0142y Jar -&gt; Kopa -&gt; Dom \u015al\u0105ski<\/li>\n\n\n\n<li><strong>\u010cern\u00e1 stopa<\/strong> \u2b1b \u2014 Karpacz PKP -&gt; Muzeum sportu a turistiky -&gt; Krucze Ska\u0142y -&gt; Sowia Dolina -&gt; Sowia Prze\u0142\u0119cz<\/li>\n<\/ul>\n\n\n\n<div style=\"height:33px\" aria-hidden=\"true\" class=\"wp-block-spacer\"><\/div>\n\n\n\n<hr class=\"wp-block-separator has-alpha-channel-opacity\"\/>\n\n\n\n<div style=\"height:33px\" aria-hidden=\"true\" class=\"wp-block-spacer\"><\/div>\n\n\n\n<p class=\"has-medium-font-size\"><strong>Sjezdovky<\/strong> <strong>\u26f7\ufe0f<\/strong><\/p>\n\n\n\n<p><strong>B\u00edl\u00e1 sklenice Winterpol<\/strong> - ul. Turystyczna 5, \ud83d\udcde +48 748 660 431<\/p>\n\n\n\n<p><a href=\"https:\/\/winterpol.eu\/karpacz\/\" target=\"_blank\" rel=\"noreferrer noopener\">Odkaz na Google Maps<\/a><\/p>\n\n\n\n<p><a href=\"https:\/\/www.facebook.com\/WinterpolKarpacz\" target=\"_blank\" rel=\"noreferrer noopener\">Informace o podm\u00ednk\u00e1ch na svahu<\/a><\/p>\n\n\n\n<p><strong>Ski ar\u00e9na Karpacz <\/strong>- ul. Turystyczna 4, <strong>\ud83d\udcde<\/strong> +48 75 761 92 84, \ud83d\udcde +48 506 189 350<\/p>\n\n\n\n<p><a href=\"https:\/\/karpaczskiarena.pl\" target=\"_blank\" rel=\"noreferrer noopener\">Odkaz na Google Maps<\/a><\/p>\n\n\n\n<p><strong>Ly\u017ea\u0159sk\u00e1 stanice Pod Wangiem - <\/strong>ulice Szkolna 5a, <strong>\ud83d\udcde <\/strong>+48 603 11 29 39, \ud83d\udcde +48 601 57 11 95<\/p>\n\n\n\n<p><a href=\"https:\/\/podwangiem-ski.pl\" target=\"_blank\" rel=\"noreferrer noopener\">Odkaz na Google Maps<\/a><\/p>\n\n\n\n<p><strong>Karpatka - ul. My\u015bliwska<\/strong>, <strong>\ud83d\udcde <\/strong>+48 512 799 025<\/p>\n\n\n\n<p><a href=\"https:\/\/maps.app.goo.gl\/Lguge6WQFsKxxQZr8\" target=\"_blank\" rel=\"noreferrer noopener\">Lin<\/a><a href=\"https:\/\/wyciag-karpacz.pl\" target=\"_blank\" rel=\"noreferrer noopener\">k do Google Maps<\/a><\/p>\n\n\n\n<p><strong>Relaxace - ul. Obr\u00e1nci m\u00edru 4<\/strong>, <strong>\ud83d\udcde <\/strong>+48 783 959 868<\/p>\n\n\n\n<p><a href=\"https:\/\/stokrelaks.pl\" target=\"_blank\" rel=\"noreferrer noopener\">Odkaz na Google Maps<\/a><\/p>\n\n\n\n<div style=\"height:33px\" aria-hidden=\"true\" class=\"wp-block-spacer\"><\/div>\n\n\n\n<hr class=\"wp-block-separator has-alpha-channel-opacity\"\/>\n\n\n\n<div style=\"height:33px\" aria-hidden=\"true\" class=\"wp-block-spacer\"><\/div>\n\n\n\n<h2 class=\"wp-block-heading\" id=\"Dzieci\">Pro d\u011bti \ud83d\udc68\u200d\ud83d\udc69\u200d\ud83d\udc67\u200d\ud83d\udc66<\/h2>\n\n\n\n<p class=\"has-medium-font-size\"><strong>Tajemstv\u00ed Krkono\u0161 \ud83d\udd2e<\/strong><\/p>\n\n\n\n<p><strong>Jedn\u00e1 se o interaktivn\u00ed v\u00fdstavu p\u0159edstavuj\u00edc\u00ed kr\u00e1lovstv\u00ed Ducha hor. <\/strong>Podzem\u00ed Krkono\u0161sk\u00fdch tajemstv\u00ed za\u0159\u00eddili sv\u011btozn\u00e1m\u00ed um\u011blci, d\u00edky nim\u017e se m\u016f\u017eete sezn\u00e1mit s histori\u00ed Karpacze a legendami z cel\u00e9ho regionu.<\/p>\n\n\n\n<p><strong>Ceny vstupn\u00e9ho: <\/strong><a href=\"https:\/\/karkonoskietajemnice.pl\/kup-bilet\" target=\"_blank\" rel=\"noreferrer noopener\">ODKAZ<\/a><\/p>\n\n\n\n<p><strong>Otev\u00edrac\u00ed doba: <\/strong>ka\u017ed\u00fd den v 10-18, o pr\u00e1zdnin\u00e1ch 10-20, <strong>@ <\/strong><a href=\"https:\/\/karkonoskietajemnice.pl\" target=\"_blank\" rel=\"noreferrer noopener\">webov\u00e1 str\u00e1nka<\/a><\/p>\n\n\n\n<p class=\"has-medium-font-size\"><strong>Interaktivn\u00ed v\u00fdstava model\u016f z LEGO kostek<\/strong> \ud83e\uddb8\u200d\u2640\ufe0f<\/p>\n\n\n\n<p>Sou\u010d\u00e1st\u00ed muzea jsou i obl\u00edben\u00e9 modely z kostek <strong>LEGO<\/strong>, ale i origin\u00e1ln\u00ed projekty prezentuj\u00edc\u00ed zaj\u00edmavosti Karpacze a okol\u00ed, nap\u0159. chr\u00e1m Wang \u201ez pta\u010d\u00ed perspektivy\u201c.<\/p>\n\n\n\n<p><strong>Ceny vstupn\u00e9ho: <\/strong><a href=\"https:\/\/www.muzeumklockow.pl\/cennik\" target=\"_blank\" rel=\"noreferrer noopener\">ODKAZ<\/a><\/p>\n\n\n\n<p><strong>Otev\u00edrac\u00ed doba: <\/strong>ka\u017ed\u00fd den v 10:00\u201318:00<\/p>\n\n\n\n<p><strong>@ <\/strong><a href=\"https:\/\/www.muzeumklockow.pl\" target=\"_blank\" rel=\"noreferrer noopener\">webov\u00e1 str\u00e1nka<\/a><\/p>\n\n\n\n<p class=\"has-medium-font-size\"><strong>Muzeum hra\u010dek\ud83c\udf8e<\/strong><\/p>\n\n\n\n<p>Toto m\u00edsto je skute\u010dnou pokladnic\u00ed historie hra\u010dek. <strong>Sb\u00edrka pokr\u00fdv\u00e1 v\u00edce ne\u017e 200 let v\u00fdroby hra\u010dek.<\/strong> Ve sb\u00edrk\u00e1ch jsou expon\u00e1ty z cel\u00e9ho sv\u011bta, nap\u0159. z Japonska, Austr\u00e1lie, Mexika a mnoha dal\u0161\u00edch.<\/p>\n\n\n\n<p><strong>Ceny vstupn\u00e9ho: <\/strong><a href=\"https:\/\/www.muzeumzabawek.pl\/cennik\/\" target=\"_blank\" rel=\"noreferrer noopener\">ODKAZ<\/a><\/p>\n\n\n\n<p><strong>Otev\u00edrac\u00ed doba: <\/strong>ka\u017ed\u00fd den v 10:00\u201317:00<\/p>\n\n\n\n<p><strong>@ <\/strong><a href=\"https:\/\/www.muzeumzabawek.pl\" target=\"_blank\" rel=\"noreferrer noopener\">webov\u00e1 str\u00e1nka<\/a><\/p>\n\n\n\n<p class=\"has-medium-font-size\"><strong>Rekrea\u010dn\u00ed a sportovn\u00ed centrum Kolorowa \ud83c\udf08<\/strong><\/p>\n\n\n\n<p><strong><\/strong>Jedn\u00e1 se o sportovn\u00ed are\u00e1l nab\u00edzej\u00edc\u00ed mnoho atrakc\u00ed, nap\u0159. <strong>s\u00e1\u0148ka\u0159sk\u00e1 dr\u00e1ha, lanov\u00fd park a mnoho dal\u0161\u00edho<\/strong>. Je to fantastick\u00e1 atrakce pro ka\u017ed\u00e9ho, kdo hled\u00e1 vzru\u0161uj\u00edc\u00ed z\u00e1\u017eitky po cel\u00fd rok. Tobog\u00e1nov\u00fd skluz v Karpaczi je jedn\u00edm z nejdel\u0161\u00edch v Polsku a vyzna\u010duje se pln\u00fdm oto\u010den\u00edm o 360 stup\u0148\u016f.<\/p>\n\n\n\n<p><strong>Ceny z\u00e1jezd\u016f: <\/strong><a href=\"https:\/\/kolorowa.pl\/cennik\/\" target=\"_blank\" rel=\"noreferrer noopener\">ODKAZ<\/a><\/p>\n\n\n\n<p><strong>Otev\u00edrac\u00ed doba: <\/strong>Pond\u011bl\u00ed a\u017e ned\u011ble: 10:00-20:00, <strong>@ <\/strong><a href=\"https:\/\/kolorowa.pl\" target=\"_blank\" rel=\"noreferrer noopener\">webov\u00e1 str\u00e1nka<\/a><\/p>\n\n\n\n<p class=\"has-medium-font-size\"><strong>Poh\u00e1dkov\u00fd park \ud83e\udd34\ud83d\udc78<\/strong><\/p>\n\n\n\n<p>Je to poh\u00e1dkov\u00e1 zem\u011b, kter\u00e1 se nach\u00e1z\u00ed v jedn\u00e9 ze \u010dtvrt\u00ed Karpacze - Wilcza Por\u0119ba. <strong>M\u016f\u017eete si prohl\u00e9dnout v\u00fdstavy v\u011bnovan\u00e9 ikonick\u00fdm poh\u00e1dkov\u00fdm postavi\u010dk\u00e1m, jako je Sn\u011bhov\u00e1 kr\u00e1lovna, Pale\u010dek, \u010cerven\u00e1 karkulka a mnoho dal\u0161\u00edch. <\/strong>Na ka\u017ed\u00e9m z nich si d\u011bti mohou poslechnout nahr\u00e1vky poh\u00e1dky a prohl\u00e9dnout si kr\u00e1sn\u00e9 pohybliv\u00e9 panenky od vynikaj\u00edc\u00edch um\u011blc\u016f.<\/p>\n\n\n\n<p><strong>Ceny vstupn\u00e9ho: <\/strong><a href=\"http:\/\/parkbajek.pl\" target=\"_blank\" rel=\"noreferrer noopener\">ODKAZ<\/a><\/p>\n\n\n\n<p><strong>Otev\u00edrac\u00ed doba: <\/strong>ka\u017ed\u00fd den v 10:00\u201318:00.<\/p>\n\n\n\n<p><strong>@ <\/strong><a href=\"http:\/\/parkbajek.pl\" target=\"_blank\" rel=\"noreferrer noopener\">webov\u00e1 str\u00e1nka<\/a><\/p>\n\n\n\n<p class=\"has-medium-font-size\"><strong>D\u011btsk\u00e9 h\u0159i\u0161t\u011b v Karpaczi<\/strong> \ud83c\udfa2<\/p>\n\n\n\n<ul class=\"wp-block-list\">\n<li>ulice Tobog\u00e1n -<a href=\"https:\/\/maps.app.goo.gl\/nJLw76zp9YdKLrGy5\" target=\"_blank\" rel=\"noreferrer noopener\"> odkaz na mapu Google<\/a><\/li>\n\n\n\n<li>ulice Kopernika 2 - <a href=\"https:\/\/maps.app.goo.gl\/bb9c48HUFHUXxGZC8\" target=\"_blank\" rel=\"noreferrer noopener\">odkaz na mapu Google<\/a><\/li>\n\n\n\n<li>ulice Nadrzeczna - <a href=\"https:\/\/maps.app.goo.gl\/KE1WbjoK2Ejfimwe9\" target=\"_blank\" rel=\"noreferrer noopener\">odkaz na mapu Google<\/a><\/li>\n\n\n\n<li>ulice Krkono\u0161e 54 - <a href=\"https:\/\/maps.app.goo.gl\/zkekBwWvbw9QEtvr5\" target=\"_blank\" rel=\"noreferrer noopener\">odkaz na mapu Google<\/a><\/li>\n<\/ul>\n\n\n\n<div style=\"height:33px\" aria-hidden=\"true\" class=\"wp-block-spacer\"><\/div>\n\n\n\n<hr class=\"wp-block-separator has-alpha-channel-opacity\"\/>\n\n\n\n<div style=\"height:33px\" aria-hidden=\"true\" class=\"wp-block-spacer\"><\/div>\n\n\n\n<h2 class=\"wp-block-heading\" id=\"Gastronomia\">\ud83c\udf7d\ufe0f Gastronomie \ud83c\udf7d\ufe0f<\/h2>\n\n\n\n<p class=\"has-medium-font-size\"><strong>Beef &amp; Rock Restaurant - Karpacz<\/strong> \ud83e\udd69<\/p>\n\n\n\n<p>Jedn\u00e1 se o m\u00edsto, kde se pod\u00e1vaj\u00ed kvalitn\u00ed ochucen\u00e9 hov\u011bz\u00ed pokrmy a atmosf\u00e9ru m\u00edsta nav\u00edc rozdm\u00fdch\u00e1v\u00e1 rockov\u00e1 hudba.<\/p>\n\n\n\n<p>\ud83c\udfda\ufe0f <strong>ulice Konstytucji 3-ego Maja 51A, Karpacz<\/strong>, \ud83d\udcde+48 690 896 775<\/p>\n\n\n\n<p><strong>@<\/strong> <a href=\"https:\/\/www.beefandrock.pl\/restauracja\/\" target=\"_blank\" rel=\"noreferrer noopener\">webov\u00e1 str\u00e1nka<\/a><\/p>\n\n\n\n<p class=\"has-medium-font-size\"><strong>Petiho restaurace<\/strong> \ud83c\udf72<\/p>\n\n\n\n<p>Restaurace spojuj\u00edc\u00ed v\u00fdborn\u00e9 j\u00eddlo, dobrou atmosf\u00e9ru a skv\u011blou hudbu. V j\u00eddeln\u00ed\u010dku dominuje evropsk\u00e1 kuchyn\u011b.<\/p>\n\n\n\n<p>\ud83c\udfda\ufe0f<strong> ulice Parkowa 10, Karpacz<\/strong> - v Centru Kolorowa, \ud83d\udcde+48 756 439 220<\/p>\n\n\n\n<p>@ <a href=\"https:\/\/www.upetiego.pl\/restauracja\/\" target=\"_blank\" rel=\"noreferrer noopener\">webov\u00e1 str\u00e1nka<\/a><\/p>\n\n\n\n<p class=\"has-medium-font-size\"><strong>Restaurace Atelier Nowa<\/strong> \ud83e\udd57<\/p>\n\n\n\n<p>Kvintesence modern\u00ed kuchyn\u011b v srdci kr\u00e1sn\u00fdch Krkono\u0161.<\/p>\n\n\n\n<p><strong>\ud83c\udfda\ufe0f<\/strong> Mostowa 9, Karpacz, \ud83d\udcde+48 785 091 173<\/p>\n\n\n\n<p><strong>@<\/strong><a href=\"https:\/\/www.ateliernowa.pl\" target=\"_blank\" rel=\"noreferrer noopener\"> webov\u00e1 str\u00e1nka<\/a><\/p>\n\n\n\n<p class=\"has-medium-font-size\"><strong>Nebe v \u00fastech<\/strong> \u2601\ufe0f<\/p>\n\n\n\n<p>\u00datuln\u00e1 restaurace vyhl\u00e1\u0161en\u00e1 v\u00fdbornou kuchyn\u00ed a velk\u00fdmi porcemi j\u00eddel.<\/p>\n\n\n\n<p>\ud83c\udfda\ufe0f <strong>ulice Laczna 1, Karpacz<\/strong>, \ud83d\udcde Rezervace stolu nen\u00ed mo\u017en\u00e1<\/p>\n\n\n\n<p>@ <a href=\"https:\/\/niebowgebie.restaurant\/karpacz\/\" target=\"_blank\" rel=\"noreferrer noopener\">webov\u00e1 str\u00e1nka<\/a><\/p>\n\n\n\n<p class=\"has-medium-font-size\"><strong>Restaurace Galeria Smak\u00f3w<\/strong> \ud83c\udf74<\/p>\n\n\n\n<p>M\u00edsto, kde si ka\u017ed\u00fd najde to sv\u00e9. Galeria Smak\u00f3w nab\u00edz\u00ed r\u016fzn\u00e9 pokrmy: horalsk\u00e9, tradi\u010dn\u00ed, bezmas\u00e9 a pro d\u011bti.<\/p>\n\n\n\n<p><strong>\ud83c\udfda\ufe0f ul. Konstytucji 3-ego Maja 35a, Karpacz<\/strong>, <strong>\ud83d\udcde<\/strong>+48 728 739 257<\/p>\n\n\n\n<p><strong>@ <\/strong><a href=\"https:\/\/galeria-smakow.eatbu.com\/?lang=pl#contact\" target=\"_blank\" rel=\"noreferrer noopener\">webov\u00e1 str\u00e1nka<\/a><\/p>\n\n\n\n<p class=\"has-medium-font-size\"><strong>Restaurace Szum i Rosa<\/strong> \ud83d\udca7<\/p>\n\n\n\n<p>Origin\u00e1ln\u00ed kuchyn\u011b a koktejly zalo\u017een\u00e9 na vysoce kvalitn\u00edch m\u00edstn\u00edch produktech.<\/p>\n\n\n\n<p><strong>\ud83c\udfda\ufe0f ul. Hasi\u010d 2b, Karpacz<\/strong>, <strong>\ud83d\udcde<\/strong>+48 572 642 302<\/p>\n\n\n\n<p><strong>@ <\/strong><a href=\"https:\/\/szumirosa.pl\/kontakt\/\" target=\"_blank\" rel=\"noreferrer noopener\">webov\u00e1 str\u00e1nka<\/a><\/p>\n\n\n\n<p class=\"has-medium-font-size\"><strong>Restaurace Dw\u00f3r Liczyrzepy<\/strong> \ud83c\udff0<\/p>\n\n\n\n<p>Ide\u00e1ln\u00ed m\u00edsto pro gurm\u00e1ny region\u00e1ln\u00ed kuchyn\u011b.<\/p>\n\n\n\n<p><strong>\ud83c\udfda\ufe0f ul. Obro\u0144c\u00f3w Pokoju 4B, Karpacz<\/strong>, <strong>\ud83d\udcde+48 757 619 337<\/strong><\/p>\n\n\n\n<p><strong>@ <\/strong><a href=\"https:\/\/www.dworliczyrzepy.pl\" target=\"_blank\" rel=\"noreferrer noopener\">webov\u00e1 str\u00e1nka<\/a><\/p>\n\n\n\n<p class=\"has-medium-font-size\"><strong>Pivovar a restaurace Sowiduch<\/strong> \ud83d\udc7b<\/p>\n\n\n\n<p>Restaurace, kter\u00e1 se specializuje na staropolskou kuchyni s modern\u00edm n\u00e1dechem a nab\u00edz\u00ed region\u00e1ln\u00ed j\u00eddla.<\/p>\n\n\n\n<p><strong>\ud83c\udfda\ufe0f Konstytucji 3-ego Maja 45 A\/Prvn\u00ed patro, Karpacz<\/strong>, <strong>\ud83d\udcde<\/strong>+48 726 166 166<\/p>\n\n\n\n<p>@ <a href=\"https:\/\/www.sowiduch.pl\" target=\"_blank\" rel=\"noreferrer noopener\">webov\u00e1 str\u00e1nka<\/a><\/p>\n\n\n\n<p class=\"has-medium-font-size\"><strong>Pod popelem<\/strong> \ud83c\udf33<\/p>\n\n\n\n<p>Tradi\u010dn\u00ed rodinn\u00e1 restaurace specializuj\u00edc\u00ed se na polskou kuchyni.<\/p>\n\n\n\n<p>\ud83c\udfda\ufe0f <strong>ulice Krkono\u0161sk\u00e1 12, Karpacz<\/strong>, <strong>\ud83d\udcde<\/strong>+48 757 618 914<\/p>\n\n\n\n<p>@<a href=\"http:\/\/www.pod-jesionami.pl\" target=\"_blank\" rel=\"noreferrer noopener\"> webov\u00e1 str\u00e1nka<\/a><\/p>\n\n\n\n<p class=\"has-medium-font-size\"><strong>Restaurace Mamma Mia<\/strong> \ud83d\udc83<\/p>\n\n\n\n<p>\u00datuln\u00e1 restaurace s nab\u00eddkou polsk\u00e9 a italsk\u00e9 kuchyn\u011b v\u010detn\u011b hamburger\u016f, pizzy a t\u011bstovin.<\/p>\n\n\n\n<p><strong>\ud83c\udfda\ufe0f<\/strong> <strong>ulice Krkono\u0161sk\u00e1 1, Karpacz<\/strong>, <strong>\ud83d\udcde<\/strong>+48 791 716 555<\/p>\n\n\n\n<p>@<a href=\"https:\/\/www.lesnydwor.karpacz.pl\/restauracja\" target=\"_blank\" rel=\"noreferrer noopener\"> webov\u00e1 str\u00e1nka<\/a><\/p>\n\n\n\n<p class=\"has-medium-font-size\"><strong>Milujte p\u0159\u00edrodn\u00ed zmrzlinu Krove<\/strong> \ud83c\udf68<\/p>\n\n\n\n<p>\ud83c\udfda\ufe0f ul. Konstytucji 3-ego Maja 34, Karpacz, <strong>\ud83d\udcde<\/strong>+48 757 618 914<\/p>\n\n\n\n<p><a href=\"https:\/\/maps.app.goo.gl\/8F7wkkXPfAFBZgTG6\" target=\"_blank\" rel=\"noreferrer noopener\">Odkaz na Google Maps<\/a><\/p>\n\n\n\n<p class=\"has-medium-font-size\"><strong>Pumpa na \u010dokol\u00e1du a k\u00e1vu Mount Blanc<\/strong> \ud83c\udf6b<\/p>\n\n\n\n<p>\ud83c\udfda\ufe0f ul. Konstytucji 3-ego Maja 45A, Karpacz, \ud83d\udcde +48 667 151 144<\/p>\n\n\n\n<p><a href=\"https:\/\/maps.app.goo.gl\/ZFgwhzwp7UR1CkMx8\" target=\"_blank\" rel=\"noreferrer noopener\">Odkaz na Google Maps<\/a><\/p>\n\n\n\n<p class=\"has-medium-font-size\"><strong>Malinov\u00e1 zmrzlina<\/strong> \ud83c\udf67<\/p>\n\n\n\n<p>\ud83c\udfda\ufe0f ul. Konstytucji 3-ego Maja 46, Karpacz<\/p>\n\n\n\n<p><a href=\"https:\/\/maps.app.goo.gl\/bytbjBKhxxk7tKkF8\" target=\"_blank\" rel=\"noreferrer noopener\">Odkaz na Google Maps<\/a><\/p>\n\n\n\n<p class=\"has-medium-font-size\"><strong>Zkratka kav\u00e1rny<\/strong> \ud83e\uddc1<\/p>\n\n\n\n<p>\ud83c\udfda\ufe0f ul. Linowa 1, 58-540 Karpacz<\/p>\n\n\n\n<p><a href=\"https:\/\/maps.app.goo.gl\/7rWibq1FdkFkcyq37\" target=\"_blank\" rel=\"noreferrer noopener\">Odkaz na Google Maps<\/a><\/p>\n\n\n\n<div style=\"height:33px\" aria-hidden=\"true\" class=\"wp-block-spacer\"><\/div>\n\n\n\n<hr class=\"wp-block-separator has-alpha-channel-opacity\"\/>\n\n\n\n<div style=\"height:33px\" aria-hidden=\"true\" class=\"wp-block-spacer\"><\/div>\n\n\n\n<h2 class=\"wp-block-heading\" id=\"Sklepy\">Obchody a \u010derpac\u00ed stanice<\/h2>\n\n\n\n<p class=\"has-medium-font-size\"><strong>Beru\u0161ka \ud83d\udc1e<\/strong><\/p>\n\n\n\n<ul class=\"wp-block-list\">\n<li>ulice Konstytucji 3-ego Maja 5, Otev\u00edrac\u00ed doba: 6 - 23:30<\/li>\n\n\n\n<li>ulice Konstytucji 3-ego Maja 45A, Otev\u00edrac\u00ed doba: 7:00 - 22:00<\/li>\n<\/ul>\n\n\n\n<p class=\"has-medium-font-size\"><strong>Daisy \ud83c\udf3c<\/strong><\/p>\n\n\n\n<p>ulice Konstytucji 3-ego Maja 22A, Otev\u00edrac\u00ed doba: 7:00 - 22:00<\/p>\n\n\n\n<p class=\"has-medium-font-size\"><strong>Leviatan<\/strong> \ud83d\uded2<\/p>\n\n\n\n<p>ulice Konstytucji 3-ego Maja 29, Otev\u00edrac\u00ed doba: Po-So: 8-9, Ne: 10-18<\/p>\n\n\n\n<p class=\"has-medium-font-size\"><strong>S\u00ed\u0165<\/strong> \ud83d\udecd\ufe0f<\/p>\n\n\n\n<ul class=\"wp-block-list\">\n<li>ulice Konstytucji 3-ego Maja 6b, Otev\u00edrac\u00ed doba: 6:00 - 22:00<\/li>\n\n\n\n<li>ulice Wielkopolska 7, Otev\u00edrac\u00ed doba: 6 - 23:30<\/li>\n<\/ul>\n\n\n\n<p class=\"has-medium-font-size\"><strong>EURO obchod<\/strong> \ud83d\udc5b<\/p>\n\n\n\n<p>ulice Skaln\u00e1 66, Otev\u00edrac\u00ed doba: Po-So: 7-22, Ne: 8-20<\/p>\n\n\n\n<p class=\"has-medium-font-size\"><strong>\u017d\u00e1ba \ud83d\udc38<\/strong><\/p>\n\n\n\n<ul class=\"wp-block-list\">\n<li>ulice Konstytucji 3-ego Maja 47a, Otev\u00edrac\u00ed doba: Po-So: 6 - 23 hod., Ne: 11 - 20 hod.<\/li>\n\n\n\n<li>ulice Krkono\u0161sk\u00e1 7, Otev\u00edrac\u00ed doba: 6 - 23 hod<\/li>\n\n\n\n<li>ulice Krkono\u0161sk\u00e1 2, Otev\u00edrac\u00ed doba: 6 - 23 hod<\/li>\n\n\n\n<li>ulice Konstytucji 3-ego Maja 10b, Otev\u00edrac\u00ed doba: Po-So: 6 - 23, Ne: 11-21<\/li>\n\n\n\n<li>ulice My\u015bliwska 1g, Otev\u00edrac\u00ed doba: Po-So: 6:00 - 23:00, Ne: 9:00 - 20:00<\/li>\n<\/ul>\n\n\n\n<p class=\"has-medium-font-size\"><strong>Rossmann\ud83d\udc85<\/strong><\/p>\n\n\n\n<ul class=\"wp-block-list\">\n<li>ulice Konstytucji 3-ego Maja 45a, Otev\u00edrac\u00ed doba: 9:00 - 19:00<\/li>\n\n\n\n<li>ulice Konstytucji 3-ego Maja 22, Otev\u00edrac\u00ed doba: 9 - 19 hodin<\/li>\n<\/ul>\n\n\n\n<p class=\"has-medium-font-size\"><strong>stanice Orlen \u26fd<\/strong><\/p>\n\n\n\n<ul class=\"wp-block-list\">\n<li><strong>ulice Konstytucji 3-ego Maja 86, Karpacz<\/strong>,<strong> <\/strong>Otev\u00edrac\u00ed doba 6-22, <a href=\"https:\/\/maps.app.goo.gl\/wasJdu9Vfvn73gSk6\" target=\"_blank\" rel=\"noreferrer noopener\">Mapa<\/a><\/li>\n\n\n\n<li><strong>ulice Wojska Polskiego 24A, Mys\u0142akowice<\/strong>,<strong> <\/strong>Otev\u0159eno 24 hodin denn\u011b, <a href=\"https:\/\/maps.app.goo.gl\/tDR2iYC4t75RH68k9\" target=\"_blank\" rel=\"noreferrer noopener\">Mapa<\/a><\/li>\n<\/ul>\n\n\n\n<p class=\"has-medium-font-size\"><strong>Zakrou\u017ekujte K \u26fd<\/strong><\/p>\n\n\n\n<p><strong>ulice Topolowa 7, Podg\u00f3rzyn<\/strong>, Otev\u0159eno 24 hodin denn\u011b, <a href=\"https:\/\/maps.app.goo.gl\/EDKtGeo98Nijs8WQ7\" target=\"_blank\" rel=\"noreferrer noopener\">Mapa<\/a><\/p>\n\n\n\n<p><strong>ulice Tadeusza Rejtana 3A, Kowary<\/strong>, Otev\u0159eno 24 hodin denn\u011b, <a href=\"https:\/\/maps.app.goo.gl\/TrYhYeeLCfE7dker7\" target=\"_blank\" rel=\"noreferrer noopener\">Mapa<\/a><\/p>\n\n\n\n<div style=\"height:33px\" aria-hidden=\"true\" class=\"wp-block-spacer\"><\/div>\n\n\n\n<hr class=\"wp-block-separator has-alpha-channel-opacity\"\/>\n\n\n\n<div style=\"height:33px\" aria-hidden=\"true\" class=\"wp-block-spacer\"><\/div>\n\n\n\n<h2 class=\"wp-block-heading\" id=\"Parkingi\">Placen\u00e9 m\u011bstsk\u00e9 parkovi\u0161t\u011b \ud83c\udd7f\ufe0f<\/h2>\n\n\n\n<p class=\"has-medium-font-size\"><strong>p\u0159\u00edklady, <\/strong><strong>zaplaceno<\/strong><strong> m\u011bstsk\u00e1 parkovi\u0161t\u011b v Karpaczi:<\/strong><\/p>\n\n\n\n<p><strong>M\u011bstsk\u00e9 parkovi\u0161t\u011b:<\/strong> ulice Parkowa, <a href=\"https:\/\/maps.app.goo.gl\/o3Q8GKSLWv6duYSd7\" target=\"_blank\" rel=\"noreferrer noopener\">Mapa<\/a><\/p>\n\n\n\n<p><strong>M\u011bstsk\u00e9 parkovi\u0161t\u011b: <\/strong>ulice Celkem 1, <a href=\"https:\/\/maps.app.goo.gl\/8xDUCyqNeghPFCHb6\" target=\"_blank\" rel=\"noreferrer noopener\">Mapa<\/a><\/p>\n\n\n\n<p><strong>M\u011bstsk\u00e9 parkovi\u0161t\u011b &quot;Centrum Deptak&quot;<\/strong>: Nad \u0141omnica 28B, <a href=\"https:\/\/maps.app.goo.gl\/vjjU4ia5nFHJDsZR9\" target=\"_blank\" rel=\"noreferrer noopener\">Mapa<\/a><\/p>\n\n\n\n<p><strong>M\u011bstsk\u00e9 parkovi\u0161t\u011b:<\/strong> pol\u0161t\u00ed olympionici, <a href=\"https:\/\/maps.app.goo.gl\/DkNRZn7genw8c7gD9\" target=\"_blank\" rel=\"noreferrer noopener\">Mapa<\/a><\/p>\n\n\n\n<p><strong>M\u011bstsk\u00e9 parkovi\u0161t\u011b:<\/strong> ulice Linowa 5, <a href=\"https:\/\/maps.app.goo.gl\/FB5YawxRYGLGe5z9A\" target=\"_blank\" rel=\"noreferrer noopener\">Mapa<\/a><\/p>\n\n\n\n<p><strong>M\u011bstsk\u00e9 parkovi\u0161t\u011b: <\/strong>ulice Rybacka 1B, <a href=\"https:\/\/maps.app.goo.gl\/zU3woJCffSeZcPra9\" target=\"_blank\" rel=\"noreferrer noopener\">Mapa<\/a><\/p>\n\n\n\n<div style=\"height:33px\" aria-hidden=\"true\" class=\"wp-block-spacer\"><\/div>\n\n\n\n<hr class=\"wp-block-separator has-alpha-channel-opacity\"\/>\n\n\n\n<div style=\"height:33px\" aria-hidden=\"true\" class=\"wp-block-spacer\"><\/div>\n\n\n\n<h2 class=\"wp-block-heading\" id=\"Apteki\">L\u00e9k\u00e1rny \ud83d\udc8a<\/h2>\n\n\n\n<p class=\"has-medium-font-size\"><strong>L\u00e9k\u00e1rna Zabobrze<\/strong> \ud83e\uddd1\u200d\u2695\ufe0f<\/p>\n\n\n\n<p>ulice \u00dastava ze 3. kv\u011btna 71<\/p>\n\n\n\n<p><strong>Otev\u00edrac\u00ed doba<\/strong><strong><\/strong><\/p>\n\n\n\n<p>pracovn\u00ed dny: 8 - 18:30<\/p>\n\n\n\n<p>Sobota: 8:00\u201315:00<\/p>\n\n\n\n<p class=\"has-medium-font-size\"><strong>L\u00e9k\u00e1rna Dr. Max<\/strong> \ud83c\udf21\ufe0f<\/p>\n\n\n\n<p>ulice \u00dastava ze 3. kv\u011btna 45<\/p>\n\n\n\n<p><strong>Otev\u00edrac\u00ed doba<\/strong><\/p>\n\n\n\n<p>pracovn\u00ed dny: 8:00 - 18:00 hod<\/p>\n\n\n\n<p>Sobota: 10:00 - 18:00<\/p>\n\n\n\n<p class=\"has-medium-font-size\"><strong>L\u00e9k\u00e1rna Pod Z\u0142ot\u0105 W\u0105g\u0105<\/strong> \u2696\ufe0f<\/p>\n\n\n\n<p>ulice \u00dastava ze 3. kv\u011btna 82<\/p>\n\n\n\n<p><strong>Otev\u00edrac\u00ed doba<\/strong><\/p>\n\n\n\n<p>pracovn\u00ed dny: 9:00 - 20:00 hod<\/p>\n\n\n\n<p>Sobota: 9:00\u201315:00<\/p>\n\n\n\n<p>Ned\u011ble: 9:00\u201313:00<\/p>\n\n\n\n<div style=\"height:33px\" aria-hidden=\"true\" class=\"wp-block-spacer\"><\/div>\n\n\n\n<hr class=\"wp-block-separator has-alpha-channel-opacity\"\/>\n\n\n\n<div style=\"height:33px\" aria-hidden=\"true\" class=\"wp-block-spacer\"><\/div>\n\n\n\n<h2 class=\"wp-block-heading\" id=\"Kontakty\">U\u017eite\u010dn\u00e9 kontakty<\/h2>\n\n\n\n<p class=\"has-medium-font-size\"><strong>\ud83d\uddfa\ufe0f Turistick\u00e9 informace<\/strong><\/p>\n\n\n\n<p>ulice Konstytucji 3 Maja 25, Karpacz, \ud83d\udcde + 48 757 618 605<\/p>\n\n\n\n<p><a href=\"https:\/\/maps.app.goo.gl\/6Y11BmyXRdmA9p6s5\" target=\"_blank\" rel=\"noreferrer noopener\">Odkaz na Google Maps<\/a><\/p>\n\n\n\n<p class=\"has-medium-font-size\"><strong>\ud83d\udc68\u200d\u2695\ufe0f Klinika prim\u00e1rn\u00ed p\u00e9\u010de.<\/strong><\/p>\n\n\n\n<p>ulice Konstytucji 3 Maja 71, Karpacz, \ud83d\udcde + 48 883 358 171<\/p>\n\n\n\n<p><a href=\"https:\/\/maps.app.goo.gl\/7SFzeHLVe4VtEXME8\" target=\"_blank\" rel=\"noreferrer noopener\">Odkaz na Google Maps<\/a><\/p>\n\n\n\n<p class=\"has-medium-font-size\"><strong>\ud83d\udc68\u200d\u2695\ufe0f L\u00e9ka\u0159sk\u00e9 centrum Karpacz<\/strong><\/p>\n\n\n\n<p>ulice My\u015bliwska 13, Karpacz, \ud83d\udcde + 48 883 358 135<\/p>\n\n\n\n<p><a href=\"https:\/\/maps.app.goo.gl\/2ngsqfpLCKDnQk9N6\" target=\"_blank\" rel=\"noreferrer noopener\">Odkaz na Google Maps<\/a><\/p>\n\n\n\n<p class=\"has-medium-font-size\"><strong>\ud83c\udfe5 Nemocnice Bukowiec Kowary a klinika no\u010dn\u00ed a pr\u00e1zdninov\u00e9 zdravotn\u00ed p\u00e9\u010de<\/strong><\/p>\n\n\n\n<p>ulice Sanatoryjna 15, Kowary, \ud83d\udcde + 48 756 415 715<\/p>\n\n\n\n<p><a href=\"https:\/\/maps.app.goo.gl\/6TtMAGxn4gnZCGudA\" target=\"_blank\" rel=\"noreferrer noopener\">Odkaz na Google Maps<\/a><\/p>\n\n\n\n<p class=\"has-medium-font-size\"><strong>\ud83c\udfe5 Nemocnice v Jelen\u00ed Ho\u0159e<\/strong><\/p>\n\n\n\n<p>ulice Ogi\u0144skiego 6, Jelenia G\u00f3ra, \ud83d\udcde + 48 757 537 100<\/p>\n\n\n\n<p><a href=\"https:\/\/maps.app.goo.gl\/VsbChonK44TWVRpc7\" target=\"_blank\" rel=\"noreferrer noopener\">Odkaz na Google Maps<\/a><\/p>\n\n\n\n<p class=\"has-medium-font-size\"><strong>\ud83d\udc15Veterin\u00e1rn\u00ed klinika<\/strong><\/p>\n\n\n\n<p>ulice Jeleniog\u00f3rska 8, Kowary, \ud83d\udcde +48 510 959 959<\/p>\n\n\n\n<p><a href=\"https:\/\/maps.app.goo.gl\/PmMDg8L78LsdMJWy9\" target=\"_blank\" rel=\"noreferrer noopener\">Odkaz na Google Maps<\/a><\/p>\n\n\n\n<div style=\"height:33px\" aria-hidden=\"true\" class=\"wp-block-spacer\"><\/div>\n\n\n\n<hr class=\"wp-block-separator has-alpha-channel-opacity\"\/>\n\n\n\n<div style=\"height:33px\" aria-hidden=\"true\" class=\"wp-block-spacer\"><\/div>\n\n\n\n<h2 class=\"wp-block-heading\" id=\"Bankomaty\">Bankomaty \ud83c\udfe7<\/h2>\n\n\n\n<p class=\"has-medium-font-size\"><strong>Euronet Polska Sp. z o<\/strong> \ud83d\udcb0<\/p>\n\n\n\n<ul class=\"wp-block-list\">\n<li>Bankomat a vkladov\u00fd automat, Ja\u015bkowa Izba, ul. Konstytucji 3-ego Maja 39, Otev\u0159eno 24 hodin denn\u011b<\/li>\n\n\n\n<li>Przy Biedronka, Konstytucji 3-ego Maja 45a, Otev\u0159eno 24 hodin denn\u011b<\/li>\n\n\n\n<li>Hotel Go\u0142\u0119biewski, ul. Krkono\u0161sk\u00e1 14, Otev\u0159eno 24\/7<\/li>\n\n\n\n<li>Biedronka, ul. Konstytucji 3-ego Maja 5, Otev\u0159eno 24 hodin denn\u011b<\/li>\n\n\n\n<li>Rekrea\u010dn\u00ed a sportovn\u00ed st\u0159edisko Kolorowa, ul. \u00dastava 3-ego Maja 51a<\/li>\n\n\n\n<li>Orlen, \u010derpac\u00ed stanice, ul. Konstytucji 3-ego Maja 86, Otev\u0159eno 24 hodin denn\u011b<\/li>\n\n\n\n<li>Winterpol Bia\u0142y Jar G\u00f3rna Stacja - sez\u00f3nn\u00ed bankomat, ul. Olimpijsk\u00e1 9<\/li>\n\n\n\n<li>Groszek, ul. Skaln\u00e1 2, Otev\u0159eno 24\/7<\/li>\n<\/ul>\n\n\n\n<p class=\"has-medium-font-size\"><strong>Pobo\u010dka PKO Bank Polski - bankomat<\/strong> \ud83c\udfe6<\/p>\n\n\n\n<p>ulice \u00dastava 3-ego Maja 35\/A<\/p>\n\n\n\n<p>Pracovn\u00ed dny - Otev\u0159eno: 9:00 \u22c5 Zav\u0159eno: 16:30<\/p>\n\n\n\n<p class=\"has-medium-font-size\"><strong>PlanetCash. bankomat<\/strong> \ud83d\udcb0<\/p>\n\n\n\n<p>ulice Turystyczna 4<\/p>\n\n\n\n<div style=\"height:33px\" aria-hidden=\"true\" class=\"wp-block-spacer\"><\/div>\n\n\n\n<hr class=\"wp-block-separator has-alpha-channel-opacity\"\/>\n\n\n\n<div style=\"height:33px\" aria-hidden=\"true\" class=\"wp-block-spacer\"><\/div>\n\n\n\n<h2 class=\"wp-block-heading\" id=\"Aplikacja\">Na hor\u00e1ch bezpe\u010dn\u011b \ud83e\uddba<\/h2>\n\n\n\n<p><strong>Aplikace RESCUE<\/strong> \u2014 d\u00edky n\u011bmu se horsk\u00e1 turistika m\u016f\u017ee st\u00e1t bezpe\u010dn\u011bj\u0161\u00ed.<\/p>\n\n\n\n<p>Jedn\u00e1 se o aplikaci, kter\u00e1 poskytne p\u0159esnou polohu (na z\u00e1klad\u011b \u00fadaj\u016f GPS) p\u0159i hl\u00e1\u0161en\u00ed nehody a pot\u0159eby pomoci. D\u00edky tomu budou z\u00e1chran\u00e1\u0159i v\u011bd\u011bt, kam se obr\u00e1tit pro pomoc a poskytnou ji st\u00e1le rychleji<\/p>\n\n\n\n<p>efektivn\u011bji. Aplikace je dostupn\u00e1 pro Android i iOS. V\u00edce informac\u00ed o aplikaci naleznete na www.ratunek.eu<\/p>\n\n\n\n<p><strong>GOPR<\/strong><strong> 985 | 601 100 300<\/strong><\/p>\n\n\n\n<div style=\"height:33px\" aria-hidden=\"true\" class=\"wp-block-spacer\"><\/div>\n\n\n\n<hr class=\"wp-block-separator has-alpha-channel-opacity\"\/>\n\n\n\n<div style=\"height:33px\" aria-hidden=\"true\" class=\"wp-block-spacer\"><\/div>\n\n\n\n<p class=\"has-text-align-center has-large-font-size\"><strong>M\u011bjte kr\u00e1sn\u00fd pobyt<\/strong>  \ud83d\ude42<\/p>\n\n\n\n<div style=\"height:100px\" aria-hidden=\"true\" class=\"wp-block-spacer\"><\/div>\n\n\n\n<div class=\"wp-block-buttons is-content-justification-center is-layout-flex wp-container-core-buttons-is-layout-16018d1d wp-block-buttons-is-layout-flex\">\n<div class=\"wp-block-button\"><a class=\"wp-block-button__link has-background has-text-align-center wp-element-button\" href=\"#g\u00f3ra\" style=\"background-color:#d7a97d\"><strong>N\u00e1vrat<\/strong><\/a><\/div>\n<\/div>\n\n\n\n<div style=\"height:100px\" aria-hidden=\"true\" class=\"wp-block-spacer\"><\/div>\n<\/div>\n\n\n\n<div class=\"wp-block-column is-layout-flow wp-block-column-is-layout-flow\" style=\"flex-basis:25%\"><\/div>\n\n\n\n<div class=\"wp-block-column is-layout-flow wp-block-column-is-layout-flow\" style=\"flex-basis:25%\"><\/div>\n<\/div>","protected":false},"excerpt":{"rendered":"<p>Karpacz w Pigu\u0142ce - Podr\u0119czny Przewodnik Spis tre\u015bci: Do zwiedzania Ko\u015bci\u00f3\u0142 Wang \ud83d\udc09 Ko\u015bci\u00f3\u0142 G\u00f3rski Naszego Zbawiciela to cenny zabytek architektury Wiking\u00f3w, kt\u00f3ry powsta\u0142 na prze\u0142omie XII i XIII wieku w Norwegii. Obiekt zachwyca swoj\u0105 architektur\u0105 i malowniczym po\u0142o\u017ceniem na tle Karkonoszy. Link do Mapy Google. Ceny wst\u0119pu: Normalny \u2013 13,00 z\u0142; Ulgowy (dzieci i [&hellip;]<\/p>\n","protected":false},"author":3,"featured_media":3049,"parent":0,"menu_order":0,"comment_status":"closed","ping_status":"closed","template":"","meta":{"_acf_changed":false,"footnotes":""},"class_list":["post-2991","page","type-page","status-publish","has-post-thumbnail","hentry"],"acf":[],"yoast_head":"<!-- This site is optimized with the Yoast SEO plugin v27.4 - https:\/\/yoast.com\/product\/yoast-seo-wordpress\/ -->\n<title>Przewodnik po Karpaczu - Wonder Home<\/title>\n<meta name=\"description\" content=\"Przewodnik po Karpaczu w pigu\u0142ce: najwa\u017cniejsze informacje w jednym miejscu. Pobierz nasz darmowy przewodnik i oszcz\u0119dzaj czas na zwiedzanie!\" \/>\n<meta name=\"robots\" content=\"index, follow, max-snippet:-1, max-image-preview:large, max-video-preview:-1\" \/>\n<link rel=\"canonical\" href=\"https:\/\/wonderhome.eu\/cz\/przewodnik-po-karpaczu\/\" \/>\n<meta property=\"og:locale\" content=\"cs_CZ\" \/>\n<meta property=\"og:type\" content=\"article\" \/>\n<meta property=\"og:title\" content=\"Przewodnik po Karpaczu - Wonder Home\" \/>\n<meta property=\"og:description\" content=\"Przewodnik po Karpaczu w pigu\u0142ce: najwa\u017cniejsze informacje w jednym miejscu. Pobierz nasz darmowy przewodnik i oszcz\u0119dzaj czas na zwiedzanie!\" \/>\n<meta property=\"og:url\" content=\"https:\/\/wonderhome.eu\/cz\/przewodnik-po-karpaczu\/\" \/>\n<meta property=\"og:site_name\" content=\"Wonder Home\" \/>\n<meta property=\"article:modified_time\" content=\"2025-10-21T09:14:47+00:00\" \/>\n<meta property=\"og:image\" content=\"https:\/\/wonderhome.eu\/wp-content\/uploads\/2024\/07\/2048px-Krummhuebel_1900-scaled.jpg\" \/>\n\t<meta property=\"og:image:width\" content=\"1510\" \/>\n\t<meta property=\"og:image:height\" content=\"1080\" \/>\n\t<meta property=\"og:image:type\" content=\"image\/jpeg\" \/>\n<meta name=\"twitter:card\" content=\"summary_large_image\" \/>\n<meta name=\"twitter:label1\" content=\"Odhadovan\u00e1 doba \u010dten\u00ed\" \/>\n\t<meta name=\"twitter:data1\" content=\"32 minut\" \/>\n<script type=\"application\/ld+json\" class=\"yoast-schema-graph\">{\"@context\":\"https:\\\/\\\/schema.org\",\"@graph\":[{\"@type\":\"WebPage\",\"@id\":\"https:\\\/\\\/wonderhome.eu\\\/przewodnik-po-karpaczu\",\"url\":\"https:\\\/\\\/wonderhome.eu\\\/przewodnik-po-karpaczu\",\"name\":\"Przewodnik po Karpaczu - Wonder Home\",\"isPartOf\":{\"@id\":\"https:\\\/\\\/wonderhome.eu\\\/#website\"},\"primaryImageOfPage\":{\"@id\":\"https:\\\/\\\/wonderhome.eu\\\/przewodnik-po-karpaczu#primaryimage\"},\"image\":{\"@id\":\"https:\\\/\\\/wonderhome.eu\\\/przewodnik-po-karpaczu#primaryimage\"},\"thumbnailUrl\":\"https:\\\/\\\/wonderhome.eu\\\/wp-content\\\/uploads\\\/2024\\\/07\\\/2048px-Krummhuebel_1900-scaled.jpg\",\"datePublished\":\"2024-07-26T12:53:32+00:00\",\"dateModified\":\"2025-10-21T09:14:47+00:00\",\"description\":\"Przewodnik po Karpaczu w pigu\u0142ce: najwa\u017cniejsze informacje w jednym miejscu. Pobierz nasz darmowy przewodnik i oszcz\u0119dzaj czas na zwiedzanie!\",\"inLanguage\":\"cs\",\"potentialAction\":[{\"@type\":\"ReadAction\",\"target\":[\"https:\\\/\\\/wonderhome.eu\\\/przewodnik-po-karpaczu\"]}]},{\"@type\":\"ImageObject\",\"inLanguage\":\"cs\",\"@id\":\"https:\\\/\\\/wonderhome.eu\\\/przewodnik-po-karpaczu#primaryimage\",\"url\":\"https:\\\/\\\/wonderhome.eu\\\/wp-content\\\/uploads\\\/2024\\\/07\\\/2048px-Krummhuebel_1900-scaled.jpg\",\"contentUrl\":\"https:\\\/\\\/wonderhome.eu\\\/wp-content\\\/uploads\\\/2024\\\/07\\\/2048px-Krummhuebel_1900-scaled.jpg\",\"width\":1510,\"height\":1080},{\"@type\":\"WebSite\",\"@id\":\"https:\\\/\\\/wonderhome.eu\\\/#website\",\"url\":\"https:\\\/\\\/wonderhome.eu\\\/\",\"name\":\"Wonder Home\",\"description\":\"\",\"potentialAction\":[{\"@type\":\"SearchAction\",\"target\":{\"@type\":\"EntryPoint\",\"urlTemplate\":\"https:\\\/\\\/wonderhome.eu\\\/?s={search_term_string}\"},\"query-input\":{\"@type\":\"PropertyValueSpecification\",\"valueRequired\":true,\"valueName\":\"search_term_string\"}}],\"inLanguage\":\"cs\"}]}<\/script>\n<!-- \/ Yoast SEO plugin. -->","yoast_head_json":{"title":"Pr\u016fvodce po Karpaczi - Wonder Home","description":"Pr\u016fvodce po Karpaczi v kostce: nejd\u016fle\u017eit\u011bj\u0161\u00ed informace na jednom m\u00edst\u011b. St\u00e1hn\u011bte si na\u0161eho bezplatn\u00e9ho pr\u016fvodce a u\u0161et\u0159ete \u010das p\u0159i objevov\u00e1n\u00ed!","robots":{"index":"index","follow":"follow","max-snippet":"max-snippet:-1","max-image-preview":"max-image-preview:large","max-video-preview":"max-video-preview:-1"},"canonical":"https:\/\/wonderhome.eu\/cz\/przewodnik-po-karpaczu\/","og_locale":"cs_CZ","og_type":"article","og_title":"Przewodnik po Karpaczu - Wonder Home","og_description":"Przewodnik po Karpaczu w pigu\u0142ce: najwa\u017cniejsze informacje w jednym miejscu. Pobierz nasz darmowy przewodnik i oszcz\u0119dzaj czas na zwiedzanie!","og_url":"https:\/\/wonderhome.eu\/cz\/przewodnik-po-karpaczu\/","og_site_name":"Wonder Home","article_modified_time":"2025-10-21T09:14:47+00:00","og_image":[{"width":1510,"height":1080,"url":"https:\/\/wonderhome.eu\/wp-content\/uploads\/2024\/07\/2048px-Krummhuebel_1900-scaled.jpg","type":"image\/jpeg"}],"twitter_card":"summary_large_image","twitter_misc":{"Odhadovan\u00e1 doba \u010dten\u00ed":"32 minut"},"schema":{"@context":"https:\/\/schema.org","@graph":[{"@type":"WebPage","@id":"https:\/\/wonderhome.eu\/przewodnik-po-karpaczu","url":"https:\/\/wonderhome.eu\/przewodnik-po-karpaczu","name":"Pr\u016fvodce po Karpaczi - Wonder Home","isPartOf":{"@id":"https:\/\/wonderhome.eu\/#website"},"primaryImageOfPage":{"@id":"https:\/\/wonderhome.eu\/przewodnik-po-karpaczu#primaryimage"},"image":{"@id":"https:\/\/wonderhome.eu\/przewodnik-po-karpaczu#primaryimage"},"thumbnailUrl":"https:\/\/wonderhome.eu\/wp-content\/uploads\/2024\/07\/2048px-Krummhuebel_1900-scaled.jpg","datePublished":"2024-07-26T12:53:32+00:00","dateModified":"2025-10-21T09:14:47+00:00","description":"Pr\u016fvodce po Karpaczi v kostce: nejd\u016fle\u017eit\u011bj\u0161\u00ed informace na jednom m\u00edst\u011b. St\u00e1hn\u011bte si na\u0161eho bezplatn\u00e9ho pr\u016fvodce a u\u0161et\u0159ete \u010das p\u0159i objevov\u00e1n\u00ed!","inLanguage":"cs","potentialAction":[{"@type":"ReadAction","target":["https:\/\/wonderhome.eu\/przewodnik-po-karpaczu"]}]},{"@type":"ImageObject","inLanguage":"cs","@id":"https:\/\/wonderhome.eu\/przewodnik-po-karpaczu#primaryimage","url":"https:\/\/wonderhome.eu\/wp-content\/uploads\/2024\/07\/2048px-Krummhuebel_1900-scaled.jpg","contentUrl":"https:\/\/wonderhome.eu\/wp-content\/uploads\/2024\/07\/2048px-Krummhuebel_1900-scaled.jpg","width":1510,"height":1080},{"@type":"WebSite","@id":"https:\/\/wonderhome.eu\/#website","url":"https:\/\/wonderhome.eu\/","name":"Wonder Home","description":"","potentialAction":[{"@type":"SearchAction","target":{"@type":"EntryPoint","urlTemplate":"https:\/\/wonderhome.eu\/?s={search_term_string}"},"query-input":{"@type":"PropertyValueSpecification","valueRequired":true,"valueName":"search_term_string"}}],"inLanguage":"cs"}]}},"_links":{"self":[{"href":"https:\/\/wonderhome.eu\/cz\/wp-json\/wp\/v2\/pages\/2991","targetHints":{"allow":["GET"]}}],"collection":[{"href":"https:\/\/wonderhome.eu\/cz\/wp-json\/wp\/v2\/pages"}],"about":[{"href":"https:\/\/wonderhome.eu\/cz\/wp-json\/wp\/v2\/types\/page"}],"author":[{"embeddable":true,"href":"https:\/\/wonderhome.eu\/cz\/wp-json\/wp\/v2\/users\/3"}],"replies":[{"embeddable":true,"href":"https:\/\/wonderhome.eu\/cz\/wp-json\/wp\/v2\/comments?post=2991"}],"version-history":[{"count":1,"href":"https:\/\/wonderhome.eu\/cz\/wp-json\/wp\/v2\/pages\/2991\/revisions"}],"predecessor-version":[{"id":7529,"href":"https:\/\/wonderhome.eu\/cz\/wp-json\/wp\/v2\/pages\/2991\/revisions\/7529"}],"wp:featuredmedia":[{"embeddable":true,"href":"https:\/\/wonderhome.eu\/cz\/wp-json\/wp\/v2\/media\/3049"}],"wp:attachment":[{"href":"https:\/\/wonderhome.eu\/cz\/wp-json\/wp\/v2\/media?parent=2991"}],"curies":[{"name":"wp","href":"https:\/\/api.w.org\/{rel}","templated":true}]}}