{"id":959,"date":"2022-09-27T13:10:11","date_gmt":"2022-09-27T11:10:11","guid":{"rendered":"https:\/\/wonderhome.eu\/?post_type=zainspiruj_sie&#038;p=959"},"modified":"2026-04-07T09:29:04","modified_gmt":"2026-04-07T07:29:04","slug":"apartamenty-z-widokiem-na-gory-karpacz","status":"publish","type":"zainspiruj_sie","link":"https:\/\/wonderhome.eu\/cz\/zainspiruj_sie\/apartamenty-z-widokiem-na-gory-karpacz","title":{"rendered":"Apartm\u00e1ny s v\u00fdhledem na hory v Karpaczi"},"content":{"rendered":"<p><\/p>\n\n\n\n<h2 class=\"wp-block-heading\"><strong>Apartm\u00e1ny s v\u00fdhledem na hory <em>Karpacz<\/em> \u2013 ide\u00e1ln\u00ed volba pro va\u0161i dovolenou<\/strong> <strong>v Krkono\u0161\u00edch!<\/strong><\/h2>\n\n\n\n<p><br>P\u0159edstavte si r\u00e1no, kdy otev\u0159ete okno a p\u0159ed v\u00e1mi se rozprost\u00edr\u00e1 majest\u00e1tn\u00ed panorama Krkono\u0161. V Karpaczi najdete apartm\u00e1ny, kter\u00e9 nab\u00edzej\u00ed \u00fachvatn\u00fd v\u00fdhled na hory, v\u010detn\u011b slavn\u00e9 Sn\u011b\u017eky. Toto je jedine\u010dn\u00e1 p\u0159\u00edle\u017eitost, jak si ka\u017ed\u00fd den u\u017e\u00edvat kr\u00e1sy p\u0159\u00edrody, ani\u017e byste museli opustit sv\u016fj pokoj. Apartm\u00e1ny s v\u00fdhledem na hory <em>Karpacz<\/em> Ve Wonder Home je to v\u00edc ne\u017e jen pohodl\u00ed \u2013 je to pocit bl\u00edzkosti p\u0159\u00edrody a skv\u011bl\u00fd zp\u016fsob relaxace.<\/p>\n\n\n\n<h2 class=\"wp-block-heading\"><strong>Pohled, kter\u00fd z\u016fstane v pam\u011bti<\/strong><\/h2>\n\n\n\n<p><br>P\u0159i pobytu v apartm\u00e1nech s v\u00fdhledem na hory si jejich kr\u00e1su m\u016f\u017eete vychutnat kdykoli b\u011bhem dne. Rann\u00ed mlha vzn\u00e1\u0161ej\u00edc\u00ed se nad Krkono\u0161emi, zlat\u00e9 z\u00e1pady slunce nebo hv\u011bzdn\u00e9 noci \u2013 to jsou pohledy, kter\u00e9 v\u00e1s budou dr\u017eet je\u0161t\u011b dlouho pot\u00e9, co se vr\u00e1t\u00edte do ka\u017edodenn\u00edho \u017eivota. I kdy\u017e str\u00e1v\u00edte den v apartm\u00e1nu, budete m\u00edt pocit, \u017ee jste v srdci hor.<\/p>\n\n\n\n<h2 class=\"wp-block-heading\"><strong>Apartm\u00e1ny s v\u00fdhledem na hory <em>Karpacz<\/em> - synonymum luxusu a pohodl\u00ed<\/strong><\/h2>\n\n\n\n<p>Krom\u011b \u00fachvatn\u00e9ho v\u00fdhledu nab\u00edzej\u00ed apartm\u00e1ny s v\u00fdhledem na hory v Karpaczi pln\u00fd komfort a modern\u00ed vybaven\u00ed. Mnoh\u00e9 z nich maj\u00ed prostorn\u00e9 balkony, kter\u00e9 v\u00e1m umo\u017en\u00ed vychutnat si panorama hor v kteroukoli ro\u010dn\u00ed dobu. D\u00edky ide\u00e1ln\u00ed poloze v srdci Krkono\u0161 si kr\u00e1su p\u0159\u00edrody m\u016f\u017eete vychutnat hned po r\u00e1nu. Ve\u010der m\u016f\u017eete relaxovat v \u00fatuln\u00e9m interi\u00e9ru va\u0161eho apartm\u00e1nu. V\u00fdb\u011brem apartm\u00e1n\u016f s v\u00fdhledem na hory v Karpaczi spoj\u00edte luxusn\u00ed relaxaci s nezapomenutelnou krajinou. Tyto vzpom\u00ednky v\u00e1m z\u016fstanou dlouho v pam\u011bti.<\/p>\n\n\n\n<h2 class=\"wp-block-heading\"><strong>Ide\u00e1ln\u00ed m\u00edsto pro dovolenou v Karpaczi<\/strong><\/h2>\n\n\n\n<p><br><strong><a href=\"https:\/\/wonderhome.eu\/cz\/przewodnik-po-karpaczu\/\" target=\"_blank\" rel=\"noreferrer noopener\">Karpacz<\/a><\/strong> Je to nejen v\u00fdchoz\u00ed bod pro p\u011b\u0161\u00ed turistiku, ale tak\u00e9 skv\u011bl\u00e9 m\u00edsto k relaxaci. V\u00fdb\u011brem apartm\u00e1nu s v\u00fdhledem na hory m\u016f\u017eete spojit aktivn\u00ed odpo\u010dinek a bla\u017eenou relaxaci. Sn\u011b\u017eka, v\u00fdkladn\u00ed sk\u0159\u00ed\u0148 regionu, dod\u00e1 kouzlo ka\u017ed\u00e9mu okam\u017eiku str\u00e1ven\u00e9mu v byt\u011b a zd\u016frazn\u00ed jedine\u010dnost tohoto m\u00edsta.<\/p>\n\n\n\n<h2 class=\"wp-block-heading\"><strong>Nejde jen o v\u00fdhled, ale i o jedine\u010dnou atmosf\u00e9ru<\/strong>!<\/h2>\n\n\n\n<p><br>Horsk\u00e1 krajina je nejen pastvou pro o\u010di, ale tak\u00e9 inspirac\u00ed a pozitivn\u00ed energi\u00ed. V\u00fdhled na hory ozvl\u00e1\u0161tn\u00ed ka\u017ed\u00fd okam\u017eik \u2013 od rann\u00ed k\u00e1vy na balkon\u011b a\u017e po ve\u010dern\u00ed chv\u00edle relaxace s knihou. Apartm\u00e1ny v Karpaczi s takov\u00fdm v\u00fdhledem jsou v\u00fdbornou volbou pro ty, kte\u0159\u00ed si cht\u011bj\u00ed u\u017e\u00edt dovolenou naplno. Vyberte si byt s v\u00fdhledem a poci\u0165te ten rozd\u00edl!<\/p>","protected":false},"featured_media":3994,"template":"","categories":[1],"class_list":["post-959","zainspiruj_sie","type-zainspiruj_sie","status-publish","has-post-thumbnail","hentry","category-bez-kategorii"],"acf":[],"yoast_head":"<!-- This site is optimized with the Yoast SEO plugin v27.4 - https:\/\/yoast.com\/product\/yoast-seo-wordpress\/ -->\n<title>Apartamenty z widokiem na g\u00f3ry | Karpacz | Wonder Home<\/title>\n<meta name=\"description\" content=\"Zarezerwuj apartamenty z widokiem na g\u00f3ry - Karpacz. Zrelaksuj si\u0119 w komfortowych wn\u0119trzach z pi\u0119knym krajobrazem!\" \/>\n<meta name=\"robots\" content=\"index, follow, max-snippet:-1, max-image-preview:large, max-video-preview:-1\" \/>\n<link rel=\"canonical\" href=\"https:\/\/wonderhome.eu\/cz\/zainspiruj_sie\/apartamenty-z-widokiem-na-gory-karpacz\/\" \/>\n<meta property=\"og:locale\" content=\"cs_CZ\" \/>\n<meta property=\"og:type\" content=\"article\" \/>\n<meta property=\"og:title\" content=\"Apartamenty z widokiem na g\u00f3ry | Karpacz | Wonder Home\" \/>\n<meta property=\"og:description\" content=\"Zarezerwuj apartamenty z widokiem na g\u00f3ry - Karpacz. Zrelaksuj si\u0119 w komfortowych wn\u0119trzach z pi\u0119knym krajobrazem!\" \/>\n<meta property=\"og:url\" content=\"https:\/\/wonderhome.eu\/cz\/zainspiruj_sie\/apartamenty-z-widokiem-na-gory-karpacz\/\" \/>\n<meta property=\"og:site_name\" content=\"Wonder Home\" \/>\n<meta property=\"article:modified_time\" content=\"2026-04-07T07:29:04+00:00\" \/>\n<meta property=\"og:image\" content=\"https:\/\/wonderhome.eu\/wp-content\/uploads\/2022\/09\/Projekt-bez-nazwy-57-min.jpg\" \/>\n\t<meta property=\"og:image:width\" content=\"1920\" \/>\n\t<meta property=\"og:image:height\" content=\"1080\" \/>\n\t<meta property=\"og:image:type\" content=\"image\/jpeg\" \/>\n<meta name=\"twitter:card\" content=\"summary_large_image\" \/>\n<meta name=\"twitter:label1\" content=\"Odhadovan\u00e1 doba \u010dten\u00ed\" \/>\n\t<meta name=\"twitter:data1\" content=\"3 minuty\" \/>\n<script type=\"application\/ld+json\" class=\"yoast-schema-graph\">{\"@context\":\"https:\\\/\\\/schema.org\",\"@graph\":[{\"@type\":\"WebPage\",\"@id\":\"https:\\\/\\\/wonderhome.eu\\\/zainspiruj_sie\\\/apartamenty-z-widokiem-na-gory-karpacz\",\"url\":\"https:\\\/\\\/wonderhome.eu\\\/zainspiruj_sie\\\/apartamenty-z-widokiem-na-gory-karpacz\",\"name\":\"Apartamenty z widokiem na g\u00f3ry | Karpacz | Wonder Home\",\"isPartOf\":{\"@id\":\"https:\\\/\\\/wonderhome.eu\\\/#website\"},\"primaryImageOfPage\":{\"@id\":\"https:\\\/\\\/wonderhome.eu\\\/zainspiruj_sie\\\/apartamenty-z-widokiem-na-gory-karpacz#primaryimage\"},\"image\":{\"@id\":\"https:\\\/\\\/wonderhome.eu\\\/zainspiruj_sie\\\/apartamenty-z-widokiem-na-gory-karpacz#primaryimage\"},\"thumbnailUrl\":\"https:\\\/\\\/wonderhome.eu\\\/wp-content\\\/uploads\\\/2022\\\/09\\\/Projekt-bez-nazwy-57-min.jpg\",\"datePublished\":\"2022-09-27T11:10:11+00:00\",\"dateModified\":\"2026-04-07T07:29:04+00:00\",\"description\":\"Zarezerwuj apartamenty z widokiem na g\u00f3ry - Karpacz. Zrelaksuj si\u0119 w komfortowych wn\u0119trzach z pi\u0119knym krajobrazem!\",\"inLanguage\":\"cs\",\"potentialAction\":[{\"@type\":\"ReadAction\",\"target\":[\"https:\\\/\\\/wonderhome.eu\\\/zainspiruj_sie\\\/apartamenty-z-widokiem-na-gory-karpacz\"]}]},{\"@type\":\"ImageObject\",\"inLanguage\":\"cs\",\"@id\":\"https:\\\/\\\/wonderhome.eu\\\/zainspiruj_sie\\\/apartamenty-z-widokiem-na-gory-karpacz#primaryimage\",\"url\":\"https:\\\/\\\/wonderhome.eu\\\/wp-content\\\/uploads\\\/2022\\\/09\\\/Projekt-bez-nazwy-57-min.jpg\",\"contentUrl\":\"https:\\\/\\\/wonderhome.eu\\\/wp-content\\\/uploads\\\/2022\\\/09\\\/Projekt-bez-nazwy-57-min.jpg\",\"width\":1920,\"height\":1080,\"caption\":\"Widok z apartament\u00f3w z widokiem na g\u00f3ry w Karpaczu\"},{\"@type\":\"WebSite\",\"@id\":\"https:\\\/\\\/wonderhome.eu\\\/#website\",\"url\":\"https:\\\/\\\/wonderhome.eu\\\/\",\"name\":\"Wonder Home\",\"description\":\"\",\"potentialAction\":[{\"@type\":\"SearchAction\",\"target\":{\"@type\":\"EntryPoint\",\"urlTemplate\":\"https:\\\/\\\/wonderhome.eu\\\/?s={search_term_string}\"},\"query-input\":{\"@type\":\"PropertyValueSpecification\",\"valueRequired\":true,\"valueName\":\"search_term_string\"}}],\"inLanguage\":\"cs\"}]}<\/script>\n<!-- \/ Yoast SEO plugin. -->","yoast_head_json":{"title":"Apartm\u00e1ny s v\u00fdhledem na hory | Karpacz | Wonder Home","description":"Rezervujte si apartm\u00e1ny s v\u00fdhledem na hory v Karpaczi. Relaxujte v pohodln\u00fdch interi\u00e9rech s kr\u00e1snou scen\u00e9ri\u00ed!","robots":{"index":"index","follow":"follow","max-snippet":"max-snippet:-1","max-image-preview":"max-image-preview:large","max-video-preview":"max-video-preview:-1"},"canonical":"https:\/\/wonderhome.eu\/cz\/zainspiruj_sie\/apartamenty-z-widokiem-na-gory-karpacz\/","og_locale":"cs_CZ","og_type":"article","og_title":"Apartamenty z widokiem na g\u00f3ry | Karpacz | Wonder Home","og_description":"Zarezerwuj apartamenty z widokiem na g\u00f3ry - Karpacz. Zrelaksuj si\u0119 w komfortowych wn\u0119trzach z pi\u0119knym krajobrazem!","og_url":"https:\/\/wonderhome.eu\/cz\/zainspiruj_sie\/apartamenty-z-widokiem-na-gory-karpacz\/","og_site_name":"Wonder Home","article_modified_time":"2026-04-07T07:29:04+00:00","og_image":[{"width":1920,"height":1080,"url":"https:\/\/wonderhome.eu\/wp-content\/uploads\/2022\/09\/Projekt-bez-nazwy-57-min.jpg","type":"image\/jpeg"}],"twitter_card":"summary_large_image","twitter_misc":{"Odhadovan\u00e1 doba \u010dten\u00ed":"3 minuty"},"schema":{"@context":"https:\/\/schema.org","@graph":[{"@type":"WebPage","@id":"https:\/\/wonderhome.eu\/zainspiruj_sie\/apartamenty-z-widokiem-na-gory-karpacz","url":"https:\/\/wonderhome.eu\/zainspiruj_sie\/apartamenty-z-widokiem-na-gory-karpacz","name":"Apartm\u00e1ny s v\u00fdhledem na hory | Karpacz | Wonder Home","isPartOf":{"@id":"https:\/\/wonderhome.eu\/#website"},"primaryImageOfPage":{"@id":"https:\/\/wonderhome.eu\/zainspiruj_sie\/apartamenty-z-widokiem-na-gory-karpacz#primaryimage"},"image":{"@id":"https:\/\/wonderhome.eu\/zainspiruj_sie\/apartamenty-z-widokiem-na-gory-karpacz#primaryimage"},"thumbnailUrl":"https:\/\/wonderhome.eu\/wp-content\/uploads\/2022\/09\/Projekt-bez-nazwy-57-min.jpg","datePublished":"2022-09-27T11:10:11+00:00","dateModified":"2026-04-07T07:29:04+00:00","description":"Rezervujte si apartm\u00e1ny s v\u00fdhledem na hory v Karpaczi. Relaxujte v pohodln\u00fdch interi\u00e9rech s kr\u00e1snou scen\u00e9ri\u00ed!","inLanguage":"cs","potentialAction":[{"@type":"ReadAction","target":["https:\/\/wonderhome.eu\/zainspiruj_sie\/apartamenty-z-widokiem-na-gory-karpacz"]}]},{"@type":"ImageObject","inLanguage":"cs","@id":"https:\/\/wonderhome.eu\/zainspiruj_sie\/apartamenty-z-widokiem-na-gory-karpacz#primaryimage","url":"https:\/\/wonderhome.eu\/wp-content\/uploads\/2022\/09\/Projekt-bez-nazwy-57-min.jpg","contentUrl":"https:\/\/wonderhome.eu\/wp-content\/uploads\/2022\/09\/Projekt-bez-nazwy-57-min.jpg","width":1920,"height":1080,"caption":"Widok z apartament\u00f3w z widokiem na g\u00f3ry w Karpaczu"},{"@type":"WebSite","@id":"https:\/\/wonderhome.eu\/#website","url":"https:\/\/wonderhome.eu\/","name":"Wonder Home","description":"","potentialAction":[{"@type":"SearchAction","target":{"@type":"EntryPoint","urlTemplate":"https:\/\/wonderhome.eu\/?s={search_term_string}"},"query-input":{"@type":"PropertyValueSpecification","valueRequired":true,"valueName":"search_term_string"}}],"inLanguage":"cs"}]}},"_links":{"self":[{"href":"https:\/\/wonderhome.eu\/cz\/wp-json\/wp\/v2\/zainspiruj_sie\/959","targetHints":{"allow":["GET"]}}],"collection":[{"href":"https:\/\/wonderhome.eu\/cz\/wp-json\/wp\/v2\/zainspiruj_sie"}],"about":[{"href":"https:\/\/wonderhome.eu\/cz\/wp-json\/wp\/v2\/types\/zainspiruj_sie"}],"wp:featuredmedia":[{"embeddable":true,"href":"https:\/\/wonderhome.eu\/cz\/wp-json\/wp\/v2\/media\/3994"}],"wp:attachment":[{"href":"https:\/\/wonderhome.eu\/cz\/wp-json\/wp\/v2\/media?parent=959"}],"wp:term":[{"taxonomy":"category","embeddable":true,"href":"https:\/\/wonderhome.eu\/cz\/wp-json\/wp\/v2\/categories?post=959"}],"curies":[{"name":"wp","href":"https:\/\/api.w.org\/{rel}","templated":true}]}}